{"id":728,"date":"2023-07-06T18:16:27","date_gmt":"2023-07-06T16:16:27","guid":{"rendered":"https:\/\/www.labe-hotel.com\/?page_id=728"},"modified":"2026-04-21T16:24:39","modified_gmt":"2026-04-21T14:24:39","slug":"frequently-asked-questions","status":"publish","type":"page","link":"https:\/\/www.labe-hotel.com\/en\/foire-aux-questions\/","title":{"rendered":"Frequently asked questions"},"content":{"rendered":"\t\t<div data-elementor-type=\"wp-page\" data-elementor-id=\"728\" class=\"elementor elementor-728\" data-elementor-post-type=\"page\">\n\t\t\t\t<div class=\"elementor-element elementor-element-ac18d88 e-con-full e-flex e-con e-parent\" data-id=\"ac18d88\" data-element_type=\"container\" data-e-type=\"container\">\n\t\t<div class=\"elementor-element elementor-element-e42d973 e-con-full e-flex e-con e-child\" data-id=\"e42d973\" data-element_type=\"container\" data-e-type=\"container\" data-settings=\"{&quot;background_background&quot;:&quot;classic&quot;}\">\n\t\t\t\t<div class=\"elementor-element elementor-element-7f24806 elementor-widget__width-initial elementor-widget elementor-widget-heading\" data-id=\"7f24806\" data-element_type=\"widget\" data-e-type=\"widget\" data-widget_type=\"heading.default\">\n\t\t\t\t<div class=\"elementor-widget-container\">\n\t\t\t\t\t<h1 class=\"elementor-heading-title elementor-size-default\">Foire aux questions<\/h1>\t\t\t\t<\/div>\n\t\t\t\t<\/div>\n\t\t\t\t<div class=\"elementor-element elementor-element-6fa57fe elementor-widget-mobile__width-initial btn-maillage btn-fondrouge75 elementor-widget__width-initial elementor-widget elementor-widget-button\" data-id=\"6fa57fe\" data-element_type=\"widget\" data-e-type=\"widget\" data-widget_type=\"button.default\">\n\t\t\t\t<div class=\"elementor-widget-container\">\n\t\t\t\t\t\t\t\t\t<div class=\"elementor-button-wrapper\">\n\t\t\t\t\t<a class=\"elementor-button elementor-button-link elementor-size-sm\" href=\"#ecran2\">\n\t\t\t\t\t\t<span class=\"elementor-button-content-wrapper\">\n\t\t\t\t\t\t\t\t\t<span class=\"elementor-button-text\">je d\u00e9couvre<\/span>\n\t\t\t\t\t<\/span>\n\t\t\t\t\t<\/a>\n\t\t\t\t<\/div>\n\t\t\t\t\t\t\t\t<\/div>\n\t\t\t\t<\/div>\n\t\t\t\t<\/div>\n\t\t<div class=\"elementor-element elementor-element-e3f261e e-con-full e-flex e-con e-child\" data-id=\"e3f261e\" data-element_type=\"container\" data-e-type=\"container\" data-settings=\"{&quot;background_background&quot;:&quot;classic&quot;}\">\n\t\t\t\t<\/div>\n\t\t\t\t<\/div>\n\t\t<section class=\"elementor-element elementor-element-2f50948 e-flex e-con-boxed e-con e-parent\" data-id=\"2f50948\" data-element_type=\"container\" data-e-type=\"container\" id=\"ecran2\" data-settings=\"{&quot;background_background&quot;:&quot;classic&quot;}\">\n\t\t\t\t\t<div class=\"e-con-inner\">\n\t\t\t\t<div class=\"elementor-element elementor-element-874a2a4 elementor-widget elementor-widget-heading\" data-id=\"874a2a4\" data-element_type=\"widget\" data-e-type=\"widget\" data-widget_type=\"heading.default\">\n\t\t\t\t<div class=\"elementor-widget-container\">\n\t\t\t\t\t<h2 class=\"elementor-heading-title elementor-size-default\">Vous avez une question?<\/h2>\t\t\t\t<\/div>\n\t\t\t\t<\/div>\n\t\t\t\t<div class=\"elementor-element elementor-element-4cdd189 elementor-widget elementor-widget-text-editor\" data-id=\"4cdd189\" data-element_type=\"widget\" data-e-type=\"widget\" data-widget_type=\"text-editor.default\">\n\t\t\t\t<div class=\"elementor-widget-container\">\n\t\t\t\t\t\t\t\t\t<p>Nous comprenons que vous puissiez avoir des questions ou des pr\u00e9occupations lors de la planification de votre s\u00e9jour. C&rsquo;est pourquoi nous avons rassembl\u00e9 ici les r\u00e9ponses aux questions les plus fr\u00e9quemment pos\u00e9es par nos clients. Vous pouvez \u00e9galement nous joindre par t\u00e9l\u00e9phone au\u00a0<a href=\"tel:+330247054207\">+33 (0)2 47 05 42 07<\/a>.<\/p>\t\t\t\t\t\t\t\t<\/div>\n\t\t\t\t<\/div>\n\t\t\t\t\t<\/div>\n\t\t\t\t<\/section>\n\t\t<div class=\"elementor-element elementor-element-b01c263 e-flex e-con-boxed e-con e-parent\" data-id=\"b01c263\" data-element_type=\"container\" data-e-type=\"container\" data-settings=\"{&quot;background_background&quot;:&quot;classic&quot;}\">\n\t\t\t\t\t<div class=\"e-con-inner\">\n\t\t\t\t<div class=\"elementor-element elementor-element-c33392b elementor-widget elementor-widget-accordion\" data-id=\"c33392b\" data-element_type=\"widget\" data-e-type=\"widget\" id=\"accordeon-faq\" data-widget_type=\"accordion.default\">\n\t\t\t\t<div class=\"elementor-widget-container\">\n\t\t\t\t\t\t\t<div class=\"elementor-accordion\">\n\t\t\t\t\t\t\t<div class=\"elementor-accordion-item\">\n\t\t\t\t\t<div id=\"elementor-tab-title-2041\" class=\"elementor-tab-title\" data-tab=\"1\" role=\"button\" aria-controls=\"elementor-tab-content-2041\" aria-expanded=\"false\">\n\t\t\t\t\t\t\t\t\t\t\t\t\t<span class=\"elementor-accordion-icon elementor-accordion-icon-right\" aria-hidden=\"true\">\n\t\t\t\t\t\t\t\t\t\t\t\t\t\t\t<span class=\"elementor-accordion-icon-closed\"><i class=\"fas fa-plus\"><\/i><\/span>\n\t\t\t\t\t\t\t\t<span class=\"elementor-accordion-icon-opened\"><i class=\"fas fa-plus\"><\/i><\/span>\n\t\t\t\t\t\t\t\t\t\t\t\t\t\t<\/span>\n\t\t\t\t\t\t\t\t\t\t\t\t<a class=\"elementor-accordion-title\" tabindex=\"0\">O\u00f9 se trouve LABE H\u00f4tel ?<\/a>\n\t\t\t\t\t<\/div>\n\t\t\t\t\t<div id=\"elementor-tab-content-2041\" class=\"elementor-tab-content elementor-clearfix\" data-tab=\"1\" role=\"region\" aria-labelledby=\"elementor-tab-title-2041\"><p>Au 12 place du G\u00e9n\u00e9ral Leclerc \u00e0 Tours. Sortez de la gare et nous sommes sur votre droite ! Difficile de nous manquer ! L&rsquo;h\u00f4tel Labe est l&rsquo;h\u00f4tel le plus proche de la gare de Tours.<\/p><\/div>\n\t\t\t\t<\/div>\n\t\t\t\t\t\t\t<div class=\"elementor-accordion-item\">\n\t\t\t\t\t<div id=\"elementor-tab-title-2042\" class=\"elementor-tab-title\" data-tab=\"2\" role=\"button\" aria-controls=\"elementor-tab-content-2042\" aria-expanded=\"false\">\n\t\t\t\t\t\t\t\t\t\t\t\t\t<span class=\"elementor-accordion-icon elementor-accordion-icon-right\" aria-hidden=\"true\">\n\t\t\t\t\t\t\t\t\t\t\t\t\t\t\t<span class=\"elementor-accordion-icon-closed\"><i class=\"fas fa-plus\"><\/i><\/span>\n\t\t\t\t\t\t\t\t<span class=\"elementor-accordion-icon-opened\"><i class=\"fas fa-plus\"><\/i><\/span>\n\t\t\t\t\t\t\t\t\t\t\t\t\t\t<\/span>\n\t\t\t\t\t\t\t\t\t\t\t\t<a class=\"elementor-accordion-title\" tabindex=\"0\">Comment garer sa voiture au LABE H\u00f4tel ?<\/a>\n\t\t\t\t\t<\/div>\n\t\t\t\t\t<div id=\"elementor-tab-content-2042\" class=\"elementor-tab-content elementor-clearfix\" data-tab=\"2\" role=\"region\" aria-labelledby=\"elementor-tab-title-2042\"><p>Nous n\u2019avons pas de parking priv\u00e9 mais un parking public s\u00e9curis\u00e9 souterrain en face de l\u2019H\u00f4tel \u00ab Le Parking Vinci Gare \u00bb. Le forfait pour 24h est propos\u00e9 \u00e0 13\u20ac.<\/p><\/div>\n\t\t\t\t<\/div>\n\t\t\t\t\t\t\t<div class=\"elementor-accordion-item\">\n\t\t\t\t\t<div id=\"elementor-tab-title-2043\" class=\"elementor-tab-title\" data-tab=\"3\" role=\"button\" aria-controls=\"elementor-tab-content-2043\" aria-expanded=\"false\">\n\t\t\t\t\t\t\t\t\t\t\t\t\t<span class=\"elementor-accordion-icon elementor-accordion-icon-right\" aria-hidden=\"true\">\n\t\t\t\t\t\t\t\t\t\t\t\t\t\t\t<span class=\"elementor-accordion-icon-closed\"><i class=\"fas fa-plus\"><\/i><\/span>\n\t\t\t\t\t\t\t\t<span class=\"elementor-accordion-icon-opened\"><i class=\"fas fa-plus\"><\/i><\/span>\n\t\t\t\t\t\t\t\t\t\t\t\t\t\t<\/span>\n\t\t\t\t\t\t\t\t\t\t\t\t<a class=\"elementor-accordion-title\" tabindex=\"0\">Y a-t-il un local \u00e0 v\u00e9los au LABE H\u00f4tel ?<\/a>\n\t\t\t\t\t<\/div>\n\t\t\t\t\t<div id=\"elementor-tab-content-2043\" class=\"elementor-tab-content elementor-clearfix\" data-tab=\"3\" role=\"region\" aria-labelledby=\"elementor-tab-title-2043\"><p>Oui, toutefois assurez-vous de nous en informer au pr\u00e9alable, la demande est importante. Nous prendrons soin de vos v\u00e9los et vous aideront \u00e0 organiser au mieux votre trajet.<\/p><\/div>\n\t\t\t\t<\/div>\n\t\t\t\t\t\t\t<div class=\"elementor-accordion-item\">\n\t\t\t\t\t<div id=\"elementor-tab-title-2044\" class=\"elementor-tab-title\" data-tab=\"4\" role=\"button\" aria-controls=\"elementor-tab-content-2044\" aria-expanded=\"false\">\n\t\t\t\t\t\t\t\t\t\t\t\t\t<span class=\"elementor-accordion-icon elementor-accordion-icon-right\" aria-hidden=\"true\">\n\t\t\t\t\t\t\t\t\t\t\t\t\t\t\t<span class=\"elementor-accordion-icon-closed\"><i class=\"fas fa-plus\"><\/i><\/span>\n\t\t\t\t\t\t\t\t<span class=\"elementor-accordion-icon-opened\"><i class=\"fas fa-plus\"><\/i><\/span>\n\t\t\t\t\t\t\t\t\t\t\t\t\t\t<\/span>\n\t\t\t\t\t\t\t\t\t\t\t\t<a class=\"elementor-accordion-title\" tabindex=\"0\">Comment sont les chambres du LABE H\u00f4tel ?<\/a>\n\t\t\t\t\t<\/div>\n\t\t\t\t\t<div id=\"elementor-tab-content-2044\" class=\"elementor-tab-content elementor-clearfix\" data-tab=\"4\" role=\"region\" aria-labelledby=\"elementor-tab-title-2044\"><p>Nos 41 chambres sont r\u00e9parties en 6 tailles : Shoebox, Small, Medium, Large, Family (Suite View,\u00a0 Pink Suite &amp; Family Suite) &amp; nos Suites (Extra Large, The View &amp; Pink Suites). Consultez la page des chambres pour voir les photos et obtenir plus d&rsquo;informations.<\/p><\/div>\n\t\t\t\t<\/div>\n\t\t\t\t\t\t\t<div class=\"elementor-accordion-item\">\n\t\t\t\t\t<div id=\"elementor-tab-title-2045\" class=\"elementor-tab-title\" data-tab=\"5\" role=\"button\" aria-controls=\"elementor-tab-content-2045\" aria-expanded=\"false\">\n\t\t\t\t\t\t\t\t\t\t\t\t\t<span class=\"elementor-accordion-icon elementor-accordion-icon-right\" aria-hidden=\"true\">\n\t\t\t\t\t\t\t\t\t\t\t\t\t\t\t<span class=\"elementor-accordion-icon-closed\"><i class=\"fas fa-plus\"><\/i><\/span>\n\t\t\t\t\t\t\t\t<span class=\"elementor-accordion-icon-opened\"><i class=\"fas fa-plus\"><\/i><\/span>\n\t\t\t\t\t\t\t\t\t\t\t\t\t\t<\/span>\n\t\t\t\t\t\t\t\t\t\t\t\t<a class=\"elementor-accordion-title\" tabindex=\"0\">Y a-t-il un s\u00e8che-cheveux dans la chambre au LABE H\u00f4tel ?<\/a>\n\t\t\t\t\t<\/div>\n\t\t\t\t\t<div id=\"elementor-tab-content-2045\" class=\"elementor-tab-content elementor-clearfix\" data-tab=\"5\" role=\"region\" aria-labelledby=\"elementor-tab-title-2045\"><p>Oui\u00a0! Toutes nos chambres disposent d\u2019un s\u00e8che-cheveux pour faciliter la vie.<\/p><\/div>\n\t\t\t\t<\/div>\n\t\t\t\t\t\t\t<div class=\"elementor-accordion-item\">\n\t\t\t\t\t<div id=\"elementor-tab-title-2046\" class=\"elementor-tab-title\" data-tab=\"6\" role=\"button\" aria-controls=\"elementor-tab-content-2046\" aria-expanded=\"false\">\n\t\t\t\t\t\t\t\t\t\t\t\t\t<span class=\"elementor-accordion-icon elementor-accordion-icon-right\" aria-hidden=\"true\">\n\t\t\t\t\t\t\t\t\t\t\t\t\t\t\t<span class=\"elementor-accordion-icon-closed\"><i class=\"fas fa-plus\"><\/i><\/span>\n\t\t\t\t\t\t\t\t<span class=\"elementor-accordion-icon-opened\"><i class=\"fas fa-plus\"><\/i><\/span>\n\t\t\t\t\t\t\t\t\t\t\t\t\t\t<\/span>\n\t\t\t\t\t\t\t\t\t\t\t\t<a class=\"elementor-accordion-title\" tabindex=\"0\">LABE H\u00f4tel est-il adapt\u00e9 \u00e0 l\u2019accueil des b\u00e9b\u00e9s ?<\/a>\n\t\t\t\t\t<\/div>\n\t\t\t\t\t<div id=\"elementor-tab-content-2046\" class=\"elementor-tab-content elementor-clearfix\" data-tab=\"6\" role=\"region\" aria-labelledby=\"elementor-tab-title-2046\"><p>Oui, les b\u00e9b\u00e9s sont les bienvenus\u00a0! Nous sommes en mesure de vous fournir un lit b\u00e9b\u00e9 sur demande et selon nos disponibilit\u00e9s.<\/p><\/div>\n\t\t\t\t<\/div>\n\t\t\t\t\t\t\t<div class=\"elementor-accordion-item\">\n\t\t\t\t\t<div id=\"elementor-tab-title-2047\" class=\"elementor-tab-title\" data-tab=\"7\" role=\"button\" aria-controls=\"elementor-tab-content-2047\" aria-expanded=\"false\">\n\t\t\t\t\t\t\t\t\t\t\t\t\t<span class=\"elementor-accordion-icon elementor-accordion-icon-right\" aria-hidden=\"true\">\n\t\t\t\t\t\t\t\t\t\t\t\t\t\t\t<span class=\"elementor-accordion-icon-closed\"><i class=\"fas fa-plus\"><\/i><\/span>\n\t\t\t\t\t\t\t\t<span class=\"elementor-accordion-icon-opened\"><i class=\"fas fa-plus\"><\/i><\/span>\n\t\t\t\t\t\t\t\t\t\t\t\t\t\t<\/span>\n\t\t\t\t\t\t\t\t\t\t\t\t<a class=\"elementor-accordion-title\" tabindex=\"0\">Y a-t-il des chambres o\u00f9 il est possible de mettre un lit suppl\u00e9mentaire au LABE H\u00f4tel ?<\/a>\n\t\t\t\t\t<\/div>\n\t\t\t\t\t<div id=\"elementor-tab-content-2047\" class=\"elementor-tab-content elementor-clearfix\" data-tab=\"7\" role=\"region\" aria-labelledby=\"elementor-tab-title-2047\"><p>Oui, dans certaines chambres LARGE et les Suites PINK &amp; VIEW. Sur r\u00e9servation au pr\u00e9alable selon nos disponibilit\u00e9s, moyennant un suppl\u00e9ment de 20 Euros\/par nuit.<\/p><\/div>\n\t\t\t\t<\/div>\n\t\t\t\t\t\t\t<div class=\"elementor-accordion-item\">\n\t\t\t\t\t<div id=\"elementor-tab-title-2048\" class=\"elementor-tab-title\" data-tab=\"8\" role=\"button\" aria-controls=\"elementor-tab-content-2048\" aria-expanded=\"false\">\n\t\t\t\t\t\t\t\t\t\t\t\t\t<span class=\"elementor-accordion-icon elementor-accordion-icon-right\" aria-hidden=\"true\">\n\t\t\t\t\t\t\t\t\t\t\t\t\t\t\t<span class=\"elementor-accordion-icon-closed\"><i class=\"fas fa-plus\"><\/i><\/span>\n\t\t\t\t\t\t\t\t<span class=\"elementor-accordion-icon-opened\"><i class=\"fas fa-plus\"><\/i><\/span>\n\t\t\t\t\t\t\t\t\t\t\t\t\t\t<\/span>\n\t\t\t\t\t\t\t\t\t\t\t\t<a class=\"elementor-accordion-title\" tabindex=\"0\">LABE H\u00f4tel est-il \u00e9quip\u00e9 pour accueillir les personnes \u00e0 mobilit\u00e9 r\u00e9duite ?<\/a>\n\t\t\t\t\t<\/div>\n\t\t\t\t\t<div id=\"elementor-tab-content-2048\" class=\"elementor-tab-content elementor-clearfix\" data-tab=\"8\" role=\"region\" aria-labelledby=\"elementor-tab-title-2048\"><p>Notre \u00e9tablissement est accessible aux personnes \u00e0 mobilit\u00e9 r\u00e9duite. Nous poss\u00e9dons 2 chambres, avec salle de bain adapt\u00e9es. Celles-ci \u00e9tant sujet \u00e0 disponibilit\u00e9, merci de nous pr\u00e9venir au pr\u00e9alable afin de la garantir.<\/p><\/div>\n\t\t\t\t<\/div>\n\t\t\t\t\t\t\t<div class=\"elementor-accordion-item\">\n\t\t\t\t\t<div id=\"elementor-tab-title-2049\" class=\"elementor-tab-title\" data-tab=\"9\" role=\"button\" aria-controls=\"elementor-tab-content-2049\" aria-expanded=\"false\">\n\t\t\t\t\t\t\t\t\t\t\t\t\t<span class=\"elementor-accordion-icon elementor-accordion-icon-right\" aria-hidden=\"true\">\n\t\t\t\t\t\t\t\t\t\t\t\t\t\t\t<span class=\"elementor-accordion-icon-closed\"><i class=\"fas fa-plus\"><\/i><\/span>\n\t\t\t\t\t\t\t\t<span class=\"elementor-accordion-icon-opened\"><i class=\"fas fa-plus\"><\/i><\/span>\n\t\t\t\t\t\t\t\t\t\t\t\t\t\t<\/span>\n\t\t\t\t\t\t\t\t\t\t\t\t<a class=\"elementor-accordion-title\" tabindex=\"0\">A quelle heure se fait l'enregistrement au LABE Hotel ?<\/a>\n\t\t\t\t\t<\/div>\n\t\t\t\t\t<div id=\"elementor-tab-content-2049\" class=\"elementor-tab-content elementor-clearfix\" data-tab=\"9\" role=\"region\" aria-labelledby=\"elementor-tab-title-2049\"><p>Le check-in est possible \u00e0 partir de 15h. Si vous arrivez avant cette heure ci et si la chambre n\u2019est pas pr\u00eate, possibilit\u00e9 de garder vos affaires dans notre bagagerie s\u00e9curis\u00e9e.<\/p><\/div>\n\t\t\t\t<\/div>\n\t\t\t\t\t\t\t<div class=\"elementor-accordion-item\">\n\t\t\t\t\t<div id=\"elementor-tab-title-20410\" class=\"elementor-tab-title\" data-tab=\"10\" role=\"button\" aria-controls=\"elementor-tab-content-20410\" aria-expanded=\"false\">\n\t\t\t\t\t\t\t\t\t\t\t\t\t<span class=\"elementor-accordion-icon elementor-accordion-icon-right\" aria-hidden=\"true\">\n\t\t\t\t\t\t\t\t\t\t\t\t\t\t\t<span class=\"elementor-accordion-icon-closed\"><i class=\"fas fa-plus\"><\/i><\/span>\n\t\t\t\t\t\t\t\t<span class=\"elementor-accordion-icon-opened\"><i class=\"fas fa-plus\"><\/i><\/span>\n\t\t\t\t\t\t\t\t\t\t\t\t\t\t<\/span>\n\t\t\t\t\t\t\t\t\t\t\t\t<a class=\"elementor-accordion-title\" tabindex=\"0\">A quelle heure se fait le d\u00e9part au LABE Hotel ?<\/a>\n\t\t\t\t\t<\/div>\n\t\t\t\t\t<div id=\"elementor-tab-content-20410\" class=\"elementor-tab-content elementor-clearfix\" data-tab=\"10\" role=\"region\" aria-labelledby=\"elementor-tab-title-20410\"><p>Le check-out est possible jusqu\u2019\u00e0 11h. Vous pouvez \u00e9galement demander \u00e0 la r\u00e9ception sous r\u00e9serve de disponibilit\u00e9 un d\u00e9part tardif jusqu\u2019\u00e0 16h avec suppl\u00e9ment.<\/p><\/div>\n\t\t\t\t<\/div>\n\t\t\t\t\t\t\t<div class=\"elementor-accordion-item\">\n\t\t\t\t\t<div id=\"elementor-tab-title-20411\" class=\"elementor-tab-title\" data-tab=\"11\" role=\"button\" aria-controls=\"elementor-tab-content-20411\" aria-expanded=\"false\">\n\t\t\t\t\t\t\t\t\t\t\t\t\t<span class=\"elementor-accordion-icon elementor-accordion-icon-right\" aria-hidden=\"true\">\n\t\t\t\t\t\t\t\t\t\t\t\t\t\t\t<span class=\"elementor-accordion-icon-closed\"><i class=\"fas fa-plus\"><\/i><\/span>\n\t\t\t\t\t\t\t\t<span class=\"elementor-accordion-icon-opened\"><i class=\"fas fa-plus\"><\/i><\/span>\n\t\t\t\t\t\t\t\t\t\t\t\t\t\t<\/span>\n\t\t\t\t\t\t\t\t\t\t\t\t<a class=\"elementor-accordion-title\" tabindex=\"0\">La r\u00e9ception est-elle ouverte 24h\/24 au LABE H\u00f4tel ?<\/a>\n\t\t\t\t\t<\/div>\n\t\t\t\t\t<div id=\"elementor-tab-content-20411\" class=\"elementor-tab-content elementor-clearfix\" data-tab=\"11\" role=\"region\" aria-labelledby=\"elementor-tab-title-20411\"><p>La r\u00e9ception est ouverte 24h sur 24 et 7 jours sur 7.<\/p><\/div>\n\t\t\t\t<\/div>\n\t\t\t\t\t\t\t<div class=\"elementor-accordion-item\">\n\t\t\t\t\t<div id=\"elementor-tab-title-20412\" class=\"elementor-tab-title\" data-tab=\"12\" role=\"button\" aria-controls=\"elementor-tab-content-20412\" aria-expanded=\"false\">\n\t\t\t\t\t\t\t\t\t\t\t\t\t<span class=\"elementor-accordion-icon elementor-accordion-icon-right\" aria-hidden=\"true\">\n\t\t\t\t\t\t\t\t\t\t\t\t\t\t\t<span class=\"elementor-accordion-icon-closed\"><i class=\"fas fa-plus\"><\/i><\/span>\n\t\t\t\t\t\t\t\t<span class=\"elementor-accordion-icon-opened\"><i class=\"fas fa-plus\"><\/i><\/span>\n\t\t\t\t\t\t\t\t\t\t\t\t\t\t<\/span>\n\t\t\t\t\t\t\t\t\t\t\t\t<a class=\"elementor-accordion-title\" tabindex=\"0\">Y a-t-il un WIFI gratuit au LABE H\u00f4tel ?<\/a>\n\t\t\t\t\t<\/div>\n\t\t\t\t\t<div id=\"elementor-tab-content-20412\" class=\"elementor-tab-content elementor-clearfix\" data-tab=\"12\" role=\"region\" aria-labelledby=\"elementor-tab-title-20412\"><p>La WIFI est disponible dans tout l\u2019\u00e9tablissement gratuitement avec un r\u00e9seau s\u00e9curis\u00e9.<\/p><\/div>\n\t\t\t\t<\/div>\n\t\t\t\t\t\t\t<div class=\"elementor-accordion-item\">\n\t\t\t\t\t<div id=\"elementor-tab-title-20413\" class=\"elementor-tab-title\" data-tab=\"13\" role=\"button\" aria-controls=\"elementor-tab-content-20413\" aria-expanded=\"false\">\n\t\t\t\t\t\t\t\t\t\t\t\t\t<span class=\"elementor-accordion-icon elementor-accordion-icon-right\" aria-hidden=\"true\">\n\t\t\t\t\t\t\t\t\t\t\t\t\t\t\t<span class=\"elementor-accordion-icon-closed\"><i class=\"fas fa-plus\"><\/i><\/span>\n\t\t\t\t\t\t\t\t<span class=\"elementor-accordion-icon-opened\"><i class=\"fas fa-plus\"><\/i><\/span>\n\t\t\t\t\t\t\t\t\t\t\t\t\t\t<\/span>\n\t\t\t\t\t\t\t\t\t\t\t\t<a class=\"elementor-accordion-title\" tabindex=\"0\">Est-il possible de d\u00e9poser ses bagages avant l\u2019enregistrement au LABE H\u00f4tel ?<\/a>\n\t\t\t\t\t<\/div>\n\t\t\t\t\t<div id=\"elementor-tab-content-20413\" class=\"elementor-tab-content elementor-clearfix\" data-tab=\"13\" role=\"region\" aria-labelledby=\"elementor-tab-title-20413\"><p>Avant votre arriv\u00e9e ou apr\u00e8s avoir lib\u00e9r\u00e9 la chambre, nous pouvons garder vos biens gratuitement dans notre bagagerie s\u00e9curis\u00e9e.<\/p><\/div>\n\t\t\t\t<\/div>\n\t\t\t\t\t\t\t<div class=\"elementor-accordion-item\">\n\t\t\t\t\t<div id=\"elementor-tab-title-20414\" class=\"elementor-tab-title\" data-tab=\"14\" role=\"button\" aria-controls=\"elementor-tab-content-20414\" aria-expanded=\"false\">\n\t\t\t\t\t\t\t\t\t\t\t\t\t<span class=\"elementor-accordion-icon elementor-accordion-icon-right\" aria-hidden=\"true\">\n\t\t\t\t\t\t\t\t\t\t\t\t\t\t\t<span class=\"elementor-accordion-icon-closed\"><i class=\"fas fa-plus\"><\/i><\/span>\n\t\t\t\t\t\t\t\t<span class=\"elementor-accordion-icon-opened\"><i class=\"fas fa-plus\"><\/i><\/span>\n\t\t\t\t\t\t\t\t\t\t\t\t\t\t<\/span>\n\t\t\t\t\t\t\t\t\t\t\t\t<a class=\"elementor-accordion-title\" tabindex=\"0\">Le LABE H\u00f4tel est-il situ\u00e9 dans le centre de Tours ?<\/a>\n\t\t\t\t\t<\/div>\n\t\t\t\t\t<div id=\"elementor-tab-content-20414\" class=\"elementor-tab-content elementor-clearfix\" data-tab=\"14\" role=\"region\" aria-labelledby=\"elementor-tab-title-20414\"><p>Oui. Le LABE H\u00f4tel est situ\u00e9 \u00e0 Tours, \u00e0 proximit\u00e9 imm\u00e9diate de la gare SNCF et du centre-ville. Il permet de rejoindre facilement le Vieux Tours, les bords de Loire, le centre de congr\u00e8s Vinci et les principaux quartiers d\u2019affaires et culturels.<\/p><\/div>\n\t\t\t\t<\/div>\n\t\t\t\t\t\t\t<div class=\"elementor-accordion-item\">\n\t\t\t\t\t<div id=\"elementor-tab-title-20415\" class=\"elementor-tab-title\" data-tab=\"15\" role=\"button\" aria-controls=\"elementor-tab-content-20415\" aria-expanded=\"false\">\n\t\t\t\t\t\t\t\t\t\t\t\t\t<span class=\"elementor-accordion-icon elementor-accordion-icon-right\" aria-hidden=\"true\">\n\t\t\t\t\t\t\t\t\t\t\t\t\t\t\t<span class=\"elementor-accordion-icon-closed\"><i class=\"fas fa-plus\"><\/i><\/span>\n\t\t\t\t\t\t\t\t<span class=\"elementor-accordion-icon-opened\"><i class=\"fas fa-plus\"><\/i><\/span>\n\t\t\t\t\t\t\t\t\t\t\t\t\t\t<\/span>\n\t\t\t\t\t\t\t\t\t\t\t\t<a class=\"elementor-accordion-title\" tabindex=\"0\">Le LABE H\u00f4tel est-il adapt\u00e9 aux voyages professionnels ?<\/a>\n\t\t\t\t\t<\/div>\n\t\t\t\t\t<div id=\"elementor-tab-content-20415\" class=\"elementor-tab-content elementor-clearfix\" data-tab=\"15\" role=\"region\" aria-labelledby=\"elementor-tab-title-20415\"><p>Oui. Le LABE H\u00f4tel est particuli\u00e8rement adapt\u00e9 aux d\u00e9placements professionnels gr\u00e2ce \u00e0 son emplacement central, son acc\u00e8s rapide \u00e0 la gare, le wifi haut d\u00e9bit gratuit et ses espaces calmes et confortables pour travailler.<\/p><\/div>\n\t\t\t\t<\/div>\n\t\t\t\t\t\t\t<div class=\"elementor-accordion-item\">\n\t\t\t\t\t<div id=\"elementor-tab-title-20416\" class=\"elementor-tab-title\" data-tab=\"16\" role=\"button\" aria-controls=\"elementor-tab-content-20416\" aria-expanded=\"false\">\n\t\t\t\t\t\t\t\t\t\t\t\t\t<span class=\"elementor-accordion-icon elementor-accordion-icon-right\" aria-hidden=\"true\">\n\t\t\t\t\t\t\t\t\t\t\t\t\t\t\t<span class=\"elementor-accordion-icon-closed\"><i class=\"fas fa-plus\"><\/i><\/span>\n\t\t\t\t\t\t\t\t<span class=\"elementor-accordion-icon-opened\"><i class=\"fas fa-plus\"><\/i><\/span>\n\t\t\t\t\t\t\t\t\t\t\t\t\t\t<\/span>\n\t\t\t\t\t\t\t\t\t\t\t\t<a class=\"elementor-accordion-title\" tabindex=\"0\">Peut-on annuler ou modifier une r\u00e9servation ?<\/a>\n\t\t\t\t\t<\/div>\n\t\t\t\t\t<div id=\"elementor-tab-content-20416\" class=\"elementor-tab-content elementor-clearfix\" data-tab=\"16\" role=\"region\" aria-labelledby=\"elementor-tab-title-20416\"><p>Les conditions d\u2019annulation et de modification d\u00e9pendent du tarif r\u00e9serv\u00e9. Elles sont pr\u00e9cis\u00e9es au moment de la r\u00e9servation et dans l\u2019email de confirmation.<\/p><\/div>\n\t\t\t\t<\/div>\n\t\t\t\t\t\t\t<div class=\"elementor-accordion-item\">\n\t\t\t\t\t<div id=\"elementor-tab-title-20417\" class=\"elementor-tab-title\" data-tab=\"17\" role=\"button\" aria-controls=\"elementor-tab-content-20417\" aria-expanded=\"false\">\n\t\t\t\t\t\t\t\t\t\t\t\t\t<span class=\"elementor-accordion-icon elementor-accordion-icon-right\" aria-hidden=\"true\">\n\t\t\t\t\t\t\t\t\t\t\t\t\t\t\t<span class=\"elementor-accordion-icon-closed\"><i class=\"fas fa-plus\"><\/i><\/span>\n\t\t\t\t\t\t\t\t<span class=\"elementor-accordion-icon-opened\"><i class=\"fas fa-plus\"><\/i><\/span>\n\t\t\t\t\t\t\t\t\t\t\t\t\t\t<\/span>\n\t\t\t\t\t\t\t\t\t\t\t\t<a class=\"elementor-accordion-title\" tabindex=\"0\">Est-il possible de r\u00e9server directement sur le site officiel ?<\/a>\n\t\t\t\t\t<\/div>\n\t\t\t\t\t<div id=\"elementor-tab-content-20417\" class=\"elementor-tab-content elementor-clearfix\" data-tab=\"17\" role=\"region\" aria-labelledby=\"elementor-tab-title-20417\"><p>Oui. La r\u00e9servation directe sur le site officiel du LABE H\u00f4tel permet de b\u00e9n\u00e9ficier des meilleurs tarifs disponibles et d\u2019un contact direct avec l\u2019\u00e9quipe de l\u2019h\u00f4tel.<\/p><\/div>\n\t\t\t\t<\/div>\n\t\t\t\t\t\t\t<div class=\"elementor-accordion-item\">\n\t\t\t\t\t<div id=\"elementor-tab-title-20418\" class=\"elementor-tab-title\" data-tab=\"18\" role=\"button\" aria-controls=\"elementor-tab-content-20418\" aria-expanded=\"false\">\n\t\t\t\t\t\t\t\t\t\t\t\t\t<span class=\"elementor-accordion-icon elementor-accordion-icon-right\" aria-hidden=\"true\">\n\t\t\t\t\t\t\t\t\t\t\t\t\t\t\t<span class=\"elementor-accordion-icon-closed\"><i class=\"fas fa-plus\"><\/i><\/span>\n\t\t\t\t\t\t\t\t<span class=\"elementor-accordion-icon-opened\"><i class=\"fas fa-plus\"><\/i><\/span>\n\t\t\t\t\t\t\t\t\t\t\t\t\t\t<\/span>\n\t\t\t\t\t\t\t\t\t\t\t\t<a class=\"elementor-accordion-title\" tabindex=\"0\">Pourquoi r\u00e9server en direct plut\u00f4t que via une plateforme ?<\/a>\n\t\t\t\t\t<\/div>\n\t\t\t\t\t<div id=\"elementor-tab-content-20418\" class=\"elementor-tab-content elementor-clearfix\" data-tab=\"18\" role=\"region\" aria-labelledby=\"elementor-tab-title-20418\"><p>La r\u00e9servation en direct garantit le meilleur prix, une plus grande flexibilit\u00e9, et une relation directe avec l\u2019h\u00f4tel en cas de besoin sp\u00e9cifique.<\/p><\/div>\n\t\t\t\t<\/div>\n\t\t\t\t\t\t\t<div class=\"elementor-accordion-item\">\n\t\t\t\t\t<div id=\"elementor-tab-title-20419\" class=\"elementor-tab-title\" data-tab=\"19\" role=\"button\" aria-controls=\"elementor-tab-content-20419\" aria-expanded=\"false\">\n\t\t\t\t\t\t\t\t\t\t\t\t\t<span class=\"elementor-accordion-icon elementor-accordion-icon-right\" aria-hidden=\"true\">\n\t\t\t\t\t\t\t\t\t\t\t\t\t\t\t<span class=\"elementor-accordion-icon-closed\"><i class=\"fas fa-plus\"><\/i><\/span>\n\t\t\t\t\t\t\t\t<span class=\"elementor-accordion-icon-opened\"><i class=\"fas fa-plus\"><\/i><\/span>\n\t\t\t\t\t\t\t\t\t\t\t\t\t\t<\/span>\n\t\t\t\t\t\t\t\t\t\t\t\t<a class=\"elementor-accordion-title\" tabindex=\"0\">Le LABE H\u00f4tel est-il proche des ch\u00e2teaux de la Loire ?<\/a>\n\t\t\t\t\t<\/div>\n\t\t\t\t\t<div id=\"elementor-tab-content-20419\" class=\"elementor-tab-content elementor-clearfix\" data-tab=\"19\" role=\"region\" aria-labelledby=\"elementor-tab-title-20419\"><p>Oui. Tours est un point de d\u00e9part id\u00e9al pour visiter les ch\u00e2teaux de la Loire. Depuis le LABE H\u00f4tel, il est facile d\u2019organiser des excursions vers les principaux sites touristiques de la r\u00e9gion.<\/p><\/div>\n\t\t\t\t<\/div>\n\t\t\t\t\t\t\t<div class=\"elementor-accordion-item\">\n\t\t\t\t\t<div id=\"elementor-tab-title-20420\" class=\"elementor-tab-title\" data-tab=\"20\" role=\"button\" aria-controls=\"elementor-tab-content-20420\" aria-expanded=\"false\">\n\t\t\t\t\t\t\t\t\t\t\t\t\t<span class=\"elementor-accordion-icon elementor-accordion-icon-right\" aria-hidden=\"true\">\n\t\t\t\t\t\t\t\t\t\t\t\t\t\t\t<span class=\"elementor-accordion-icon-closed\"><i class=\"fas fa-plus\"><\/i><\/span>\n\t\t\t\t\t\t\t\t<span class=\"elementor-accordion-icon-opened\"><i class=\"fas fa-plus\"><\/i><\/span>\n\t\t\t\t\t\t\t\t\t\t\t\t\t\t<\/span>\n\t\t\t\t\t\t\t\t\t\t\t\t<a class=\"elementor-accordion-title\" tabindex=\"0\">Que faire autour du LABE H\u00f4tel \u00e0 Tours ?<\/a>\n\t\t\t\t\t<\/div>\n\t\t\t\t\t<div id=\"elementor-tab-content-20420\" class=\"elementor-tab-content elementor-clearfix\" data-tab=\"20\" role=\"region\" aria-labelledby=\"elementor-tab-title-20420\"><p>Le LABE H\u00f4tel permet de d\u00e9couvrir facilement le centre historique de Tours, les restaurants du Vieux Tours, les quais de Loire, les mus\u00e9es et les \u00e9v\u00e9nements culturels de la ville.<\/p><\/div>\n\t\t\t\t<\/div>\n\t\t\t\t\t\t\t<div class=\"elementor-accordion-item\">\n\t\t\t\t\t<div id=\"elementor-tab-title-20421\" class=\"elementor-tab-title\" data-tab=\"21\" role=\"button\" aria-controls=\"elementor-tab-content-20421\" aria-expanded=\"false\">\n\t\t\t\t\t\t\t\t\t\t\t\t\t<span class=\"elementor-accordion-icon elementor-accordion-icon-right\" aria-hidden=\"true\">\n\t\t\t\t\t\t\t\t\t\t\t\t\t\t\t<span class=\"elementor-accordion-icon-closed\"><i class=\"fas fa-plus\"><\/i><\/span>\n\t\t\t\t\t\t\t\t<span class=\"elementor-accordion-icon-opened\"><i class=\"fas fa-plus\"><\/i><\/span>\n\t\t\t\t\t\t\t\t\t\t\t\t\t\t<\/span>\n\t\t\t\t\t\t\t\t\t\t\t\t<a class=\"elementor-accordion-title\" tabindex=\"0\">L\u2019h\u00f4tel convient-il pour un week-end \u00e0 Tours ?<\/a>\n\t\t\t\t\t<\/div>\n\t\t\t\t\t<div id=\"elementor-tab-content-20421\" class=\"elementor-tab-content elementor-clearfix\" data-tab=\"21\" role=\"region\" aria-labelledby=\"elementor-tab-title-20421\"><p>Oui. Le LABE H\u00f4tel est parfaitement adapt\u00e9 aux s\u00e9jours de loisirs, aux week-ends culturels ou gastronomiques, et aux escapades urbaines.<\/p><\/div>\n\t\t\t\t<\/div>\n\t\t\t\t\t\t\t<div class=\"elementor-accordion-item\">\n\t\t\t\t\t<div id=\"elementor-tab-title-20422\" class=\"elementor-tab-title\" data-tab=\"22\" role=\"button\" aria-controls=\"elementor-tab-content-20422\" aria-expanded=\"false\">\n\t\t\t\t\t\t\t\t\t\t\t\t\t<span class=\"elementor-accordion-icon elementor-accordion-icon-right\" aria-hidden=\"true\">\n\t\t\t\t\t\t\t\t\t\t\t\t\t\t\t<span class=\"elementor-accordion-icon-closed\"><i class=\"fas fa-plus\"><\/i><\/span>\n\t\t\t\t\t\t\t\t<span class=\"elementor-accordion-icon-opened\"><i class=\"fas fa-plus\"><\/i><\/span>\n\t\t\t\t\t\t\t\t\t\t\t\t\t\t<\/span>\n\t\t\t\t\t\t\t\t\t\t\t\t<a class=\"elementor-accordion-title\" tabindex=\"0\">Le LABE H\u00f4tel est-il calme malgr\u00e9 sa situation centrale ?<\/a>\n\t\t\t\t\t<\/div>\n\t\t\t\t\t<div id=\"elementor-tab-content-20422\" class=\"elementor-tab-content elementor-clearfix\" data-tab=\"22\" role=\"region\" aria-labelledby=\"elementor-tab-title-20422\"><p>Oui. L\u2019h\u00f4tel a \u00e9t\u00e9 con\u00e7u pour offrir un environnement calme et reposant, tout en \u00e9tant proche des points d\u2019int\u00e9r\u00eat de la ville.<\/p><\/div>\n\t\t\t\t<\/div>\n\t\t\t\t\t\t\t<div class=\"elementor-accordion-item\">\n\t\t\t\t\t<div id=\"elementor-tab-title-20423\" class=\"elementor-tab-title\" data-tab=\"23\" role=\"button\" aria-controls=\"elementor-tab-content-20423\" aria-expanded=\"false\">\n\t\t\t\t\t\t\t\t\t\t\t\t\t<span class=\"elementor-accordion-icon elementor-accordion-icon-right\" aria-hidden=\"true\">\n\t\t\t\t\t\t\t\t\t\t\t\t\t\t\t<span class=\"elementor-accordion-icon-closed\"><i class=\"fas fa-plus\"><\/i><\/span>\n\t\t\t\t\t\t\t\t<span class=\"elementor-accordion-icon-opened\"><i class=\"fas fa-plus\"><\/i><\/span>\n\t\t\t\t\t\t\t\t\t\t\t\t\t\t<\/span>\n\t\t\t\t\t\t\t\t\t\t\t\t<a class=\"elementor-accordion-title\" tabindex=\"0\">Proposez-vous des tarifs entreprises ou groupes ?<\/a>\n\t\t\t\t\t<\/div>\n\t\t\t\t\t<div id=\"elementor-tab-content-20423\" class=\"elementor-tab-content elementor-clearfix\" data-tab=\"23\" role=\"region\" aria-labelledby=\"elementor-tab-title-20423\"><p>Oui. Des tarifs sp\u00e9cifiques peuvent \u00eatre propos\u00e9s pour les entreprises, les groupes ou les s\u00e9jours longue dur\u00e9e, sur demande.<\/p><\/div>\n\t\t\t\t<\/div>\n\t\t\t\t\t\t\t<div class=\"elementor-accordion-item\">\n\t\t\t\t\t<div id=\"elementor-tab-title-20424\" class=\"elementor-tab-title\" data-tab=\"24\" role=\"button\" aria-controls=\"elementor-tab-content-20424\" aria-expanded=\"false\">\n\t\t\t\t\t\t\t\t\t\t\t\t\t<span class=\"elementor-accordion-icon elementor-accordion-icon-right\" aria-hidden=\"true\">\n\t\t\t\t\t\t\t\t\t\t\t\t\t\t\t<span class=\"elementor-accordion-icon-closed\"><i class=\"fas fa-plus\"><\/i><\/span>\n\t\t\t\t\t\t\t\t<span class=\"elementor-accordion-icon-opened\"><i class=\"fas fa-plus\"><\/i><\/span>\n\t\t\t\t\t\t\t\t\t\t\t\t\t\t<\/span>\n\t\t\t\t\t\t\t\t\t\t\t\t<a class=\"elementor-accordion-title\" tabindex=\"0\">L\u2019h\u00f4tel est-il engag\u00e9 dans une d\u00e9marche responsable ?<\/a>\n\t\t\t\t\t<\/div>\n\t\t\t\t\t<div id=\"elementor-tab-content-20424\" class=\"elementor-tab-content elementor-clearfix\" data-tab=\"24\" role=\"region\" aria-labelledby=\"elementor-tab-title-20424\"><p>Le LABE H\u00f4tel s\u2019inscrit dans une approche responsable et urbaine, attentive au confort des clients et \u00e0 l\u2019impact de ses pratiques.<\/p><\/div>\n\t\t\t\t<\/div>\n\t\t\t\t\t\t\t<div class=\"elementor-accordion-item\">\n\t\t\t\t\t<div id=\"elementor-tab-title-20425\" class=\"elementor-tab-title\" data-tab=\"25\" role=\"button\" aria-controls=\"elementor-tab-content-20425\" aria-expanded=\"false\">\n\t\t\t\t\t\t\t\t\t\t\t\t\t<span class=\"elementor-accordion-icon elementor-accordion-icon-right\" aria-hidden=\"true\">\n\t\t\t\t\t\t\t\t\t\t\t\t\t\t\t<span class=\"elementor-accordion-icon-closed\"><i class=\"fas fa-plus\"><\/i><\/span>\n\t\t\t\t\t\t\t\t<span class=\"elementor-accordion-icon-opened\"><i class=\"fas fa-plus\"><\/i><\/span>\n\t\t\t\t\t\t\t\t\t\t\t\t\t\t<\/span>\n\t\t\t\t\t\t\t\t\t\t\t\t<a class=\"elementor-accordion-title\" tabindex=\"0\">\u00ab O\u00f9 dormir \u00e0 Tours pendant les festivals en 2026 ? \u00bb<\/a>\n\t\t\t\t\t<\/div>\n\t\t\t\t\t<div id=\"elementor-tab-content-20425\" class=\"elementor-tab-content elementor-clearfix\" data-tab=\"25\" role=\"region\" aria-labelledby=\"elementor-tab-title-20425\"><p>Le LABE H\u00f4tel est une adresse id\u00e9ale pour s\u00e9journer \u00e0 Tours lors des grands festivals et \u00e9v\u00e9nements culturels en 2026. Sa proximit\u00e9 avec la gare et le centre-ville permet de rejoindre rapidement les lieux de concerts, spectacles et manifestations culturelles.<\/p><\/div>\n\t\t\t\t<\/div>\n\t\t\t\t\t\t\t<div class=\"elementor-accordion-item\">\n\t\t\t\t\t<div id=\"elementor-tab-title-20426\" class=\"elementor-tab-title\" data-tab=\"26\" role=\"button\" aria-controls=\"elementor-tab-content-20426\" aria-expanded=\"false\">\n\t\t\t\t\t\t\t\t\t\t\t\t\t<span class=\"elementor-accordion-icon elementor-accordion-icon-right\" aria-hidden=\"true\">\n\t\t\t\t\t\t\t\t\t\t\t\t\t\t\t<span class=\"elementor-accordion-icon-closed\"><i class=\"fas fa-plus\"><\/i><\/span>\n\t\t\t\t\t\t\t\t<span class=\"elementor-accordion-icon-opened\"><i class=\"fas fa-plus\"><\/i><\/span>\n\t\t\t\t\t\t\t\t\t\t\t\t\t\t<\/span>\n\t\t\t\t\t\t\t\t\t\t\t\t<a class=\"elementor-accordion-title\" tabindex=\"0\">\u00ab Le LABE H\u00f4tel est-il adapt\u00e9 pour les \u00e9v\u00e9nements culturels de Tours ? \u00bb<\/a>\n\t\t\t\t\t<\/div>\n\t\t\t\t\t<div id=\"elementor-tab-content-20426\" class=\"elementor-tab-content elementor-clearfix\" data-tab=\"26\" role=\"region\" aria-labelledby=\"elementor-tab-title-20426\"><p>Oui. Gr\u00e2ce \u00e0 son emplacement central, le LABE H\u00f4tel permet d\u2019assister facilement aux festivals, expositions et concerts organis\u00e9s \u00e0 Tours tout au long de l\u2019ann\u00e9e 2026, tout en profitant d\u2019un environnement calme pour se reposer.<\/p><\/div>\n\t\t\t\t<\/div>\n\t\t\t\t\t\t\t<div class=\"elementor-accordion-item\">\n\t\t\t\t\t<div id=\"elementor-tab-title-20427\" class=\"elementor-tab-title\" data-tab=\"27\" role=\"button\" aria-controls=\"elementor-tab-content-20427\" aria-expanded=\"false\">\n\t\t\t\t\t\t\t\t\t\t\t\t\t<span class=\"elementor-accordion-icon elementor-accordion-icon-right\" aria-hidden=\"true\">\n\t\t\t\t\t\t\t\t\t\t\t\t\t\t\t<span class=\"elementor-accordion-icon-closed\"><i class=\"fas fa-plus\"><\/i><\/span>\n\t\t\t\t\t\t\t\t<span class=\"elementor-accordion-icon-opened\"><i class=\"fas fa-plus\"><\/i><\/span>\n\t\t\t\t\t\t\t\t\t\t\t\t\t\t<\/span>\n\t\t\t\t\t\t\t\t\t\t\t\t<a class=\"elementor-accordion-title\" tabindex=\"0\">\u00ab Puis-je s\u00e9journer au LABE H\u00f4tel pendant les grands week-ends culturels \u00e0 Tours ? \u00bb<\/a>\n\t\t\t\t\t<\/div>\n\t\t\t\t\t<div id=\"elementor-tab-content-20427\" class=\"elementor-tab-content elementor-clearfix\" data-tab=\"27\" role=\"region\" aria-labelledby=\"elementor-tab-title-20427\"><p>Oui. Le LABE H\u00f4tel est particuli\u00e8rement adapt\u00e9 aux courts s\u00e9jours et week-ends \u00e9v\u00e9nementiels \u00e0 Tours. Il est conseill\u00e9 de r\u00e9server en avance lors des p\u00e9riodes de forte affluence.<\/p><\/div>\n\t\t\t\t<\/div>\n\t\t\t\t\t\t\t<div class=\"elementor-accordion-item\">\n\t\t\t\t\t<div id=\"elementor-tab-title-20428\" class=\"elementor-tab-title\" data-tab=\"28\" role=\"button\" aria-controls=\"elementor-tab-content-20428\" aria-expanded=\"false\">\n\t\t\t\t\t\t\t\t\t\t\t\t\t<span class=\"elementor-accordion-icon elementor-accordion-icon-right\" aria-hidden=\"true\">\n\t\t\t\t\t\t\t\t\t\t\t\t\t\t\t<span class=\"elementor-accordion-icon-closed\"><i class=\"fas fa-plus\"><\/i><\/span>\n\t\t\t\t\t\t\t\t<span class=\"elementor-accordion-icon-opened\"><i class=\"fas fa-plus\"><\/i><\/span>\n\t\t\t\t\t\t\t\t\t\t\t\t\t\t<\/span>\n\t\t\t\t\t\t\t\t\t\t\t\t<a class=\"elementor-accordion-title\" tabindex=\"0\">\u00ab Quel h\u00f4tel choisir \u00e0 Tours pendant les salons professionnels en 2026 ? \u00bb<\/a>\n\t\t\t\t\t<\/div>\n\t\t\t\t\t<div id=\"elementor-tab-content-20428\" class=\"elementor-tab-content elementor-clearfix\" data-tab=\"28\" role=\"region\" aria-labelledby=\"elementor-tab-title-20428\"><p>Le LABE H\u00f4tel est un choix strat\u00e9gique pour les salons, congr\u00e8s et \u00e9v\u00e9nements professionnels organis\u00e9s \u00e0 Tours en 2026. Sa situation proche de la gare et du centre de congr\u00e8s Vinci facilite les d\u00e9placements professionnels.<\/p><\/div>\n\t\t\t\t<\/div>\n\t\t\t\t\t\t\t<div class=\"elementor-accordion-item\">\n\t\t\t\t\t<div id=\"elementor-tab-title-20429\" class=\"elementor-tab-title\" data-tab=\"29\" role=\"button\" aria-controls=\"elementor-tab-content-20429\" aria-expanded=\"false\">\n\t\t\t\t\t\t\t\t\t\t\t\t\t<span class=\"elementor-accordion-icon elementor-accordion-icon-right\" aria-hidden=\"true\">\n\t\t\t\t\t\t\t\t\t\t\t\t\t\t\t<span class=\"elementor-accordion-icon-closed\"><i class=\"fas fa-plus\"><\/i><\/span>\n\t\t\t\t\t\t\t\t<span class=\"elementor-accordion-icon-opened\"><i class=\"fas fa-plus\"><\/i><\/span>\n\t\t\t\t\t\t\t\t\t\t\t\t\t\t<\/span>\n\t\t\t\t\t\t\t\t\t\t\t\t<a class=\"elementor-accordion-title\" tabindex=\"0\">\u00ab Le LABE H\u00f4tel est-il adapt\u00e9 aux d\u00e9placements professionnels pendant les congr\u00e8s ? \u00bb<\/a>\n\t\t\t\t\t<\/div>\n\t\t\t\t\t<div id=\"elementor-tab-content-20429\" class=\"elementor-tab-content elementor-clearfix\" data-tab=\"29\" role=\"region\" aria-labelledby=\"elementor-tab-title-20429\"><p>Oui. Wifi haut d\u00e9bit, chambres confortables, emplacement central : le LABE H\u00f4tel r\u00e9pond aux attentes des voyageurs d\u2019affaires pendant les grands \u00e9v\u00e9nements professionnels de Tours.<\/p><\/div>\n\t\t\t\t<\/div>\n\t\t\t\t\t\t\t<div class=\"elementor-accordion-item\">\n\t\t\t\t\t<div id=\"elementor-tab-title-20430\" class=\"elementor-tab-title\" data-tab=\"30\" role=\"button\" aria-controls=\"elementor-tab-content-20430\" aria-expanded=\"false\">\n\t\t\t\t\t\t\t\t\t\t\t\t\t<span class=\"elementor-accordion-icon elementor-accordion-icon-right\" aria-hidden=\"true\">\n\t\t\t\t\t\t\t\t\t\t\t\t\t\t\t<span class=\"elementor-accordion-icon-closed\"><i class=\"fas fa-plus\"><\/i><\/span>\n\t\t\t\t\t\t\t\t<span class=\"elementor-accordion-icon-opened\"><i class=\"fas fa-plus\"><\/i><\/span>\n\t\t\t\t\t\t\t\t\t\t\t\t\t\t<\/span>\n\t\t\t\t\t\t\t\t\t\t\t\t<a class=\"elementor-accordion-title\" tabindex=\"0\">\u00ab Peut-on s\u00e9journer au LABE H\u00f4tel lors des congr\u00e8s au Palais des Congr\u00e8s de Tours ? \u00bb<\/a>\n\t\t\t\t\t<\/div>\n\t\t\t\t\t<div id=\"elementor-tab-content-20430\" class=\"elementor-tab-content elementor-clearfix\" data-tab=\"30\" role=\"region\" aria-labelledby=\"elementor-tab-title-20430\"><p>Oui. Le LABE H\u00f4tel permet de rejoindre rapidement le Palais des Congr\u00e8s Vinci, \u00e0 pied ou en transport, ce qui en fait une solution pratique lors des congr\u00e8s et salons 2026.<\/p><\/div>\n\t\t\t\t<\/div>\n\t\t\t\t\t\t\t<div class=\"elementor-accordion-item\">\n\t\t\t\t\t<div id=\"elementor-tab-title-20431\" class=\"elementor-tab-title\" data-tab=\"31\" role=\"button\" aria-controls=\"elementor-tab-content-20431\" aria-expanded=\"false\">\n\t\t\t\t\t\t\t\t\t\t\t\t\t<span class=\"elementor-accordion-icon elementor-accordion-icon-right\" aria-hidden=\"true\">\n\t\t\t\t\t\t\t\t\t\t\t\t\t\t\t<span class=\"elementor-accordion-icon-closed\"><i class=\"fas fa-plus\"><\/i><\/span>\n\t\t\t\t\t\t\t\t<span class=\"elementor-accordion-icon-opened\"><i class=\"fas fa-plus\"><\/i><\/span>\n\t\t\t\t\t\t\t\t\t\t\t\t\t\t<\/span>\n\t\t\t\t\t\t\t\t\t\t\t\t<a class=\"elementor-accordion-title\" tabindex=\"0\">\u00ab O\u00f9 dormir \u00e0 Tours pendant les \u00e9v\u00e9nements sportifs en 2026 ? \u00bb<\/a>\n\t\t\t\t\t<\/div>\n\t\t\t\t\t<div id=\"elementor-tab-content-20431\" class=\"elementor-tab-content elementor-clearfix\" data-tab=\"31\" role=\"region\" aria-labelledby=\"elementor-tab-title-20431\"><p>Le LABE H\u00f4tel accueille r\u00e9guli\u00e8rement des visiteurs venant assister \u00e0 des comp\u00e9titions sportives, \u00e9v\u00e9nements amateurs ou professionnels organis\u00e9s \u00e0 Tours et dans sa r\u00e9gion en 2026.<\/p><\/div>\n\t\t\t\t<\/div>\n\t\t\t\t\t\t\t<div class=\"elementor-accordion-item\">\n\t\t\t\t\t<div id=\"elementor-tab-title-20432\" class=\"elementor-tab-title\" data-tab=\"32\" role=\"button\" aria-controls=\"elementor-tab-content-20432\" aria-expanded=\"false\">\n\t\t\t\t\t\t\t\t\t\t\t\t\t<span class=\"elementor-accordion-icon elementor-accordion-icon-right\" aria-hidden=\"true\">\n\t\t\t\t\t\t\t\t\t\t\t\t\t\t\t<span class=\"elementor-accordion-icon-closed\"><i class=\"fas fa-plus\"><\/i><\/span>\n\t\t\t\t\t\t\t\t<span class=\"elementor-accordion-icon-opened\"><i class=\"fas fa-plus\"><\/i><\/span>\n\t\t\t\t\t\t\t\t\t\t\t\t\t\t<\/span>\n\t\t\t\t\t\t\t\t\t\t\t\t<a class=\"elementor-accordion-title\" tabindex=\"0\">\u00ab Le LABE H\u00f4tel accueille-t-il les \u00e9quipes ou supporters ? \u00bb<\/a>\n\t\t\t\t\t<\/div>\n\t\t\t\t\t<div id=\"elementor-tab-content-20432\" class=\"elementor-tab-content elementor-clearfix\" data-tab=\"32\" role=\"region\" aria-labelledby=\"elementor-tab-title-20432\"><p>Oui. Le LABE H\u00f4tel peut convenir aussi bien aux sportifs qu\u2019aux supporters recherchant un h\u00f4tel central, confortable et facile d\u2019acc\u00e8s \u00e0 Tours.<\/p><\/div>\n\t\t\t\t<\/div>\n\t\t\t\t\t\t\t<div class=\"elementor-accordion-item\">\n\t\t\t\t\t<div id=\"elementor-tab-title-20433\" class=\"elementor-tab-title\" data-tab=\"33\" role=\"button\" aria-controls=\"elementor-tab-content-20433\" aria-expanded=\"false\">\n\t\t\t\t\t\t\t\t\t\t\t\t\t<span class=\"elementor-accordion-icon elementor-accordion-icon-right\" aria-hidden=\"true\">\n\t\t\t\t\t\t\t\t\t\t\t\t\t\t\t<span class=\"elementor-accordion-icon-closed\"><i class=\"fas fa-plus\"><\/i><\/span>\n\t\t\t\t\t\t\t\t<span class=\"elementor-accordion-icon-opened\"><i class=\"fas fa-plus\"><\/i><\/span>\n\t\t\t\t\t\t\t\t\t\t\t\t\t\t<\/span>\n\t\t\t\t\t\t\t\t\t\t\t\t<a class=\"elementor-accordion-title\" tabindex=\"0\">\u00ab O\u00f9 dormir \u00e0 Tours pendant les march\u00e9s de No\u00ebl ? \u00bb<\/a>\n\t\t\t\t\t<\/div>\n\t\t\t\t\t<div id=\"elementor-tab-content-20433\" class=\"elementor-tab-content elementor-clearfix\" data-tab=\"33\" role=\"region\" aria-labelledby=\"elementor-tab-title-20433\"><p>Le LABE H\u00f4tel est une adresse id\u00e9ale pour s\u00e9journer \u00e0 Tours pendant la p\u00e9riode des f\u00eates et des march\u00e9s de No\u00ebl. Il permet de profiter pleinement de l\u2019ambiance du centre-ville.<\/p><\/div>\n\t\t\t\t<\/div>\n\t\t\t\t\t\t\t<div class=\"elementor-accordion-item\">\n\t\t\t\t\t<div id=\"elementor-tab-title-20434\" class=\"elementor-tab-title\" data-tab=\"34\" role=\"button\" aria-controls=\"elementor-tab-content-20434\" aria-expanded=\"false\">\n\t\t\t\t\t\t\t\t\t\t\t\t\t<span class=\"elementor-accordion-icon elementor-accordion-icon-right\" aria-hidden=\"true\">\n\t\t\t\t\t\t\t\t\t\t\t\t\t\t\t<span class=\"elementor-accordion-icon-closed\"><i class=\"fas fa-plus\"><\/i><\/span>\n\t\t\t\t\t\t\t\t<span class=\"elementor-accordion-icon-opened\"><i class=\"fas fa-plus\"><\/i><\/span>\n\t\t\t\t\t\t\t\t\t\t\t\t\t\t<\/span>\n\t\t\t\t\t\t\t\t\t\t\t\t<a class=\"elementor-accordion-title\" tabindex=\"0\">\u00ab Quel h\u00f4tel choisir \u00e0 Tours pendant l\u2019\u00e9t\u00e9 2026 ? \u00bb<\/a>\n\t\t\t\t\t<\/div>\n\t\t\t\t\t<div id=\"elementor-tab-content-20434\" class=\"elementor-tab-content elementor-clearfix\" data-tab=\"34\" role=\"region\" aria-labelledby=\"elementor-tab-title-20434\"><p>Le LABE H\u00f4tel est parfaitement adapt\u00e9 aux s\u00e9jours estivaux \u00e0 Tours : visites culturelles, balades sur les bords de Loire et \u00e9v\u00e9nements d\u2019\u00e9t\u00e9 sont accessibles facilement depuis l\u2019h\u00f4tel. De plus, profitez de notre syst\u00e8me de climatisation tout l&rsquo;\u00e9t\u00e9.<\/p><\/div>\n\t\t\t\t<\/div>\n\t\t\t\t\t\t\t<div class=\"elementor-accordion-item\">\n\t\t\t\t\t<div id=\"elementor-tab-title-20435\" class=\"elementor-tab-title\" data-tab=\"35\" role=\"button\" aria-controls=\"elementor-tab-content-20435\" aria-expanded=\"false\">\n\t\t\t\t\t\t\t\t\t\t\t\t\t<span class=\"elementor-accordion-icon elementor-accordion-icon-right\" aria-hidden=\"true\">\n\t\t\t\t\t\t\t\t\t\t\t\t\t\t\t<span class=\"elementor-accordion-icon-closed\"><i class=\"fas fa-plus\"><\/i><\/span>\n\t\t\t\t\t\t\t\t<span class=\"elementor-accordion-icon-opened\"><i class=\"fas fa-plus\"><\/i><\/span>\n\t\t\t\t\t\t\t\t\t\t\t\t\t\t<\/span>\n\t\t\t\t\t\t\t\t\t\t\t\t<a class=\"elementor-accordion-title\" tabindex=\"0\">\u00ab Le LABE H\u00f4tel est-il adapt\u00e9 aux week-ends prolong\u00e9s et jours f\u00e9ri\u00e9s ? \u00bb<\/a>\n\t\t\t\t\t<\/div>\n\t\t\t\t\t<div id=\"elementor-tab-content-20435\" class=\"elementor-tab-content elementor-clearfix\" data-tab=\"35\" role=\"region\" aria-labelledby=\"elementor-tab-title-20435\"><p>Oui. Gr\u00e2ce \u00e0 sa localisation centrale, le LABE H\u00f4tel est un excellent point de d\u00e9part pour profiter des longs week-ends et \u00e9v\u00e9nements ponctuels \u00e0 Tours en 2026.<\/p><\/div>\n\t\t\t\t<\/div>\n\t\t\t\t\t\t\t<div class=\"elementor-accordion-item\">\n\t\t\t\t\t<div id=\"elementor-tab-title-20436\" class=\"elementor-tab-title\" data-tab=\"36\" role=\"button\" aria-controls=\"elementor-tab-content-20436\" aria-expanded=\"false\">\n\t\t\t\t\t\t\t\t\t\t\t\t\t<span class=\"elementor-accordion-icon elementor-accordion-icon-right\" aria-hidden=\"true\">\n\t\t\t\t\t\t\t\t\t\t\t\t\t\t\t<span class=\"elementor-accordion-icon-closed\"><i class=\"fas fa-plus\"><\/i><\/span>\n\t\t\t\t\t\t\t\t<span class=\"elementor-accordion-icon-opened\"><i class=\"fas fa-plus\"><\/i><\/span>\n\t\t\t\t\t\t\t\t\t\t\t\t\t\t<\/span>\n\t\t\t\t\t\t\t\t\t\t\t\t<a class=\"elementor-accordion-title\" tabindex=\"0\">Quels sont les \u00e9v\u00e9nements majeurs pr\u00e9vus \u00e0 Tours en 2026 ?<\/a>\n\t\t\t\t\t<\/div>\n\t\t\t\t\t<div id=\"elementor-tab-content-20436\" class=\"elementor-tab-content elementor-clearfix\" data-tab=\"36\" role=\"region\" aria-labelledby=\"elementor-tab-title-20436\"><p>En 2026, Tours accueillera une s\u00e9rie d\u2019\u00e9v\u00e9nements culturels et festifs comme le <em data-start=\"589\" data-end=\"611\">Japan Tours Festival<\/em> du 3 au 5 juillet 2026 au Parc Expo de Tours, le <em data-start=\"661\" data-end=\"684\">Korean Tours Festival<\/em> du 27 f\u00e9vrier au 1er mars 2026, la <em data-start=\"720\" data-end=\"736\">Foire de Tours<\/em> du 1er au 10 mai 2026, ainsi que de nombreux concerts, spectacles et manifestations musicales tout au long de l\u2019ann\u00e9e.<\/p><\/div>\n\t\t\t\t<\/div>\n\t\t\t\t\t\t\t<div class=\"elementor-accordion-item\">\n\t\t\t\t\t<div id=\"elementor-tab-title-20437\" class=\"elementor-tab-title\" data-tab=\"37\" role=\"button\" aria-controls=\"elementor-tab-content-20437\" aria-expanded=\"false\">\n\t\t\t\t\t\t\t\t\t\t\t\t\t<span class=\"elementor-accordion-icon elementor-accordion-icon-right\" aria-hidden=\"true\">\n\t\t\t\t\t\t\t\t\t\t\t\t\t\t\t<span class=\"elementor-accordion-icon-closed\"><i class=\"fas fa-plus\"><\/i><\/span>\n\t\t\t\t\t\t\t\t<span class=\"elementor-accordion-icon-opened\"><i class=\"fas fa-plus\"><\/i><\/span>\n\t\t\t\t\t\t\t\t\t\t\t\t\t\t<\/span>\n\t\t\t\t\t\t\t\t\t\t\t\t<a class=\"elementor-accordion-title\" tabindex=\"0\">Quand aura lieu le Japan Tours Festival \u00e0 Tours en 2026 ?<\/a>\n\t\t\t\t\t<\/div>\n\t\t\t\t\t<div id=\"elementor-tab-content-20437\" class=\"elementor-tab-content elementor-clearfix\" data-tab=\"37\" role=\"region\" aria-labelledby=\"elementor-tab-title-20437\"><p>Le <em data-start=\"1238\" data-end=\"1261\">Korean Tours Festival<\/em> c\u00e9l\u00e8bre la culture cor\u00e9enne (K-pop, cosplay, gastronomie, jeux vid\u00e9o, animations) \u00e0 Tours du <strong data-start=\"1355\" data-end=\"1386\">27 f\u00e9vrier au 1er mars 2026<\/strong>, avec plusieurs jours d\u2019expositions et d\u2019activit\u00e9s pour les visiteurs.<\/p><\/div>\n\t\t\t\t<\/div>\n\t\t\t\t\t\t\t<div class=\"elementor-accordion-item\">\n\t\t\t\t\t<div id=\"elementor-tab-title-20438\" class=\"elementor-tab-title\" data-tab=\"38\" role=\"button\" aria-controls=\"elementor-tab-content-20438\" aria-expanded=\"false\">\n\t\t\t\t\t\t\t\t\t\t\t\t\t<span class=\"elementor-accordion-icon elementor-accordion-icon-right\" aria-hidden=\"true\">\n\t\t\t\t\t\t\t\t\t\t\t\t\t\t\t<span class=\"elementor-accordion-icon-closed\"><i class=\"fas fa-plus\"><\/i><\/span>\n\t\t\t\t\t\t\t\t<span class=\"elementor-accordion-icon-opened\"><i class=\"fas fa-plus\"><\/i><\/span>\n\t\t\t\t\t\t\t\t\t\t\t\t\t\t<\/span>\n\t\t\t\t\t\t\t\t\t\t\t\t<a class=\"elementor-accordion-title\" tabindex=\"0\">Qu\u2019est-ce que la Foire de Tours 2026 et quand se d\u00e9roule-t-elle ?<\/a>\n\t\t\t\t\t<\/div>\n\t\t\t\t\t<div id=\"elementor-tab-content-20438\" class=\"elementor-tab-content elementor-clearfix\" data-tab=\"38\" role=\"region\" aria-labelledby=\"elementor-tab-title-20438\"><p>La <em data-start=\"1572\" data-end=\"1588\">Foire de Tours<\/em>, l\u2019un des \u00e9v\u00e9nements \u00e9conomiques et festifs les plus attendus de la r\u00e9gion Centre-Val de Loire, se tiendra du <strong data-start=\"1699\" data-end=\"1721\">1er au 10 mai 2026<\/strong> au Parc Expo de Tours, avec animations, exposants, concerts et univers th\u00e9matiques.<\/p><\/div>\n\t\t\t\t<\/div>\n\t\t\t\t\t\t\t<div class=\"elementor-accordion-item\">\n\t\t\t\t\t<div id=\"elementor-tab-title-20439\" class=\"elementor-tab-title\" data-tab=\"39\" role=\"button\" aria-controls=\"elementor-tab-content-20439\" aria-expanded=\"false\">\n\t\t\t\t\t\t\t\t\t\t\t\t\t<span class=\"elementor-accordion-icon elementor-accordion-icon-right\" aria-hidden=\"true\">\n\t\t\t\t\t\t\t\t\t\t\t\t\t\t\t<span class=\"elementor-accordion-icon-closed\"><i class=\"fas fa-plus\"><\/i><\/span>\n\t\t\t\t\t\t\t\t<span class=\"elementor-accordion-icon-opened\"><i class=\"fas fa-plus\"><\/i><\/span>\n\t\t\t\t\t\t\t\t\t\t\t\t\t\t<\/span>\n\t\t\t\t\t\t\t\t\t\t\t\t<a class=\"elementor-accordion-title\" tabindex=\"0\">Le LABE H\u00f4tel est-il un bon choix pour s\u00e9journer pendant ces \u00e9v\u00e9nements ?<\/a>\n\t\t\t\t\t<\/div>\n\t\t\t\t\t<div id=\"elementor-tab-content-20439\" class=\"elementor-tab-content elementor-clearfix\" data-tab=\"39\" role=\"region\" aria-labelledby=\"elementor-tab-title-20439\"><p>Oui. Gr\u00e2ce \u00e0 sa situation centrale \u00e0 Tours et sa proximit\u00e9 avec des lieux d\u2019\u00e9v\u00e9nements comme le Parc Expo de Tours, le Palais des Congr\u00e8s, et de nombreux espaces culturels, le LABE H\u00f4tel est id\u00e9al pour assister aux festivals, concerts et foires de 2026 tout en b\u00e9n\u00e9ficiant d\u2019un acc\u00e8s simple aux transports et aux commodit\u00e9s.<\/p><\/div>\n\t\t\t\t<\/div>\n\t\t\t\t\t\t\t<div class=\"elementor-accordion-item\">\n\t\t\t\t\t<div id=\"elementor-tab-title-20440\" class=\"elementor-tab-title\" data-tab=\"40\" role=\"button\" aria-controls=\"elementor-tab-content-20440\" aria-expanded=\"false\">\n\t\t\t\t\t\t\t\t\t\t\t\t\t<span class=\"elementor-accordion-icon elementor-accordion-icon-right\" aria-hidden=\"true\">\n\t\t\t\t\t\t\t\t\t\t\t\t\t\t\t<span class=\"elementor-accordion-icon-closed\"><i class=\"fas fa-plus\"><\/i><\/span>\n\t\t\t\t\t\t\t\t<span class=\"elementor-accordion-icon-opened\"><i class=\"fas fa-plus\"><\/i><\/span>\n\t\t\t\t\t\t\t\t\t\t\t\t\t\t<\/span>\n\t\t\t\t\t\t\t\t\t\t\t\t<a class=\"elementor-accordion-title\" tabindex=\"0\">Comment r\u00e9server une chambre pour un \u00e9v\u00e9nement \u00e0 Tours en 2026 ?<\/a>\n\t\t\t\t\t<\/div>\n\t\t\t\t\t<div id=\"elementor-tab-content-20440\" class=\"elementor-tab-content elementor-clearfix\" data-tab=\"40\" role=\"region\" aria-labelledby=\"elementor-tab-title-20440\"><p>Il est recommand\u00e9 de r\u00e9server le plus t\u00f4t possible sur le site officiel du LABE H\u00f4tel ou via les plateformes de r\u00e9servation, en particulier pour les p\u00e9riodes d\u2019\u00e9v\u00e9nements comme le Japan Tours Festival, le Korean Tours Festival ou la Foire de Tours, qui attirent un grand nombre de visiteurs.<\/p><\/div>\n\t\t\t\t<\/div>\n\t\t\t\t\t\t\t<div class=\"elementor-accordion-item\">\n\t\t\t\t\t<div id=\"elementor-tab-title-20441\" class=\"elementor-tab-title\" data-tab=\"41\" role=\"button\" aria-controls=\"elementor-tab-content-20441\" aria-expanded=\"false\">\n\t\t\t\t\t\t\t\t\t\t\t\t\t<span class=\"elementor-accordion-icon elementor-accordion-icon-right\" aria-hidden=\"true\">\n\t\t\t\t\t\t\t\t\t\t\t\t\t\t\t<span class=\"elementor-accordion-icon-closed\"><i class=\"fas fa-plus\"><\/i><\/span>\n\t\t\t\t\t\t\t\t<span class=\"elementor-accordion-icon-opened\"><i class=\"fas fa-plus\"><\/i><\/span>\n\t\t\t\t\t\t\t\t\t\t\t\t\t\t<\/span>\n\t\t\t\t\t\t\t\t\t\t\t\t<a class=\"elementor-accordion-title\" tabindex=\"0\">Quels types d\u2019\u00e9v\u00e9nements sportifs ou autres manifestations ont lieu \u00e0 Tours en 2026 ?<\/a>\n\t\t\t\t\t<\/div>\n\t\t\t\t\t<div id=\"elementor-tab-content-20441\" class=\"elementor-tab-content elementor-clearfix\" data-tab=\"41\" role=\"region\" aria-labelledby=\"elementor-tab-title-20441\"><p>En plus des festivals et concerts, Tours propose des \u00e9v\u00e9nements sportifs et manifestations locales, comme des courses r\u00e9gionales, courses \u00e0 pied, \u00e9v\u00e9nements sportifs communautaires et autres animations tout au long de l\u2019ann\u00e9e, attirant des visiteurs locaux et nationaux.<\/p><\/div>\n\t\t\t\t<\/div>\n\t\t\t\t\t\t\t<div class=\"elementor-accordion-item\">\n\t\t\t\t\t<div id=\"elementor-tab-title-20442\" class=\"elementor-tab-title\" data-tab=\"42\" role=\"button\" aria-controls=\"elementor-tab-content-20442\" aria-expanded=\"false\">\n\t\t\t\t\t\t\t\t\t\t\t\t\t<span class=\"elementor-accordion-icon elementor-accordion-icon-right\" aria-hidden=\"true\">\n\t\t\t\t\t\t\t\t\t\t\t\t\t\t\t<span class=\"elementor-accordion-icon-closed\"><i class=\"fas fa-plus\"><\/i><\/span>\n\t\t\t\t\t\t\t\t<span class=\"elementor-accordion-icon-opened\"><i class=\"fas fa-plus\"><\/i><\/span>\n\t\t\t\t\t\t\t\t\t\t\t\t\t\t<\/span>\n\t\t\t\t\t\t\t\t\t\t\t\t<a class=\"elementor-accordion-title\" tabindex=\"0\">Le LABE H\u00f4tel est-il proche du Parc Expo de Tours ?<\/a>\n\t\t\t\t\t<\/div>\n\t\t\t\t\t<div id=\"elementor-tab-content-20442\" class=\"elementor-tab-content elementor-clearfix\" data-tab=\"42\" role=\"region\" aria-labelledby=\"elementor-tab-title-20442\"><p>Oui. Le LABE H\u00f4tel est situ\u00e9 \u00e0 Tours avec un acc\u00e8s rapide au Parc Expo de Tours via les transports en commun ou la voiture. C\u2019est un point fort pour tous les \u00e9v\u00e9nements majeurs organis\u00e9s sur ce site en 2026.<\/p><\/div>\n\t\t\t\t<\/div>\n\t\t\t\t\t\t\t<div class=\"elementor-accordion-item\">\n\t\t\t\t\t<div id=\"elementor-tab-title-20443\" class=\"elementor-tab-title\" data-tab=\"43\" role=\"button\" aria-controls=\"elementor-tab-content-20443\" aria-expanded=\"false\">\n\t\t\t\t\t\t\t\t\t\t\t\t\t<span class=\"elementor-accordion-icon elementor-accordion-icon-right\" aria-hidden=\"true\">\n\t\t\t\t\t\t\t\t\t\t\t\t\t\t\t<span class=\"elementor-accordion-icon-closed\"><i class=\"fas fa-plus\"><\/i><\/span>\n\t\t\t\t\t\t\t\t<span class=\"elementor-accordion-icon-opened\"><i class=\"fas fa-plus\"><\/i><\/span>\n\t\t\t\t\t\t\t\t\t\t\t\t\t\t<\/span>\n\t\t\t\t\t\t\t\t\t\t\t\t<a class=\"elementor-accordion-title\" tabindex=\"0\">O\u00f9 loger \u00e0 Tours lors d\u2019un congr\u00e8s au Palais des Congr\u00e8s Vinci ?<\/a>\n\t\t\t\t\t<\/div>\n\t\t\t\t\t<div id=\"elementor-tab-content-20443\" class=\"elementor-tab-content elementor-clearfix\" data-tab=\"43\" role=\"region\" aria-labelledby=\"elementor-tab-title-20443\"><p>Le LABE H\u00f4tel est particuli\u00e8rement bien situ\u00e9 pour les congr\u00e8s, salons et \u00e9v\u00e9nements professionnels organis\u00e9s au Palais des Congr\u00e8s Vinci \u00e0 Tours. Sa proximit\u00e9 avec la gare et le centre-ville en fait un h\u00f4tel adapt\u00e9 aux d\u00e9placements professionnels en 2026.<\/p><\/div>\n\t\t\t\t<\/div>\n\t\t\t\t\t\t\t<div class=\"elementor-accordion-item\">\n\t\t\t\t\t<div id=\"elementor-tab-title-20444\" class=\"elementor-tab-title\" data-tab=\"44\" role=\"button\" aria-controls=\"elementor-tab-content-20444\" aria-expanded=\"false\">\n\t\t\t\t\t\t\t\t\t\t\t\t\t<span class=\"elementor-accordion-icon elementor-accordion-icon-right\" aria-hidden=\"true\">\n\t\t\t\t\t\t\t\t\t\t\t\t\t\t\t<span class=\"elementor-accordion-icon-closed\"><i class=\"fas fa-plus\"><\/i><\/span>\n\t\t\t\t\t\t\t\t<span class=\"elementor-accordion-icon-opened\"><i class=\"fas fa-plus\"><\/i><\/span>\n\t\t\t\t\t\t\t\t\t\t\t\t\t\t<\/span>\n\t\t\t\t\t\t\t\t\t\t\t\t<a class=\"elementor-accordion-title\" tabindex=\"0\">Quel h\u00f4tel \u00e0 Tours pour les salons professionnels et \u00e9v\u00e9nements business 2026 ?<\/a>\n\t\t\t\t\t<\/div>\n\t\t\t\t\t<div id=\"elementor-tab-content-20444\" class=\"elementor-tab-content elementor-clearfix\" data-tab=\"44\" role=\"region\" aria-labelledby=\"elementor-tab-title-20444\"><p>Pour les salons professionnels, conventions et \u00e9v\u00e9nements d\u2019entreprise organis\u00e9s \u00e0 Tours en 2026, le LABE H\u00f4tel propose un cadre fonctionnel avec wifi haut d\u00e9bit, chambres calmes et acc\u00e8s rapide aux principaux p\u00f4les d\u2019affaires de la ville.<\/p><\/div>\n\t\t\t\t<\/div>\n\t\t\t\t\t\t\t<div class=\"elementor-accordion-item\">\n\t\t\t\t\t<div id=\"elementor-tab-title-20445\" class=\"elementor-tab-title\" data-tab=\"45\" role=\"button\" aria-controls=\"elementor-tab-content-20445\" aria-expanded=\"false\">\n\t\t\t\t\t\t\t\t\t\t\t\t\t<span class=\"elementor-accordion-icon elementor-accordion-icon-right\" aria-hidden=\"true\">\n\t\t\t\t\t\t\t\t\t\t\t\t\t\t\t<span class=\"elementor-accordion-icon-closed\"><i class=\"fas fa-plus\"><\/i><\/span>\n\t\t\t\t\t\t\t\t<span class=\"elementor-accordion-icon-opened\"><i class=\"fas fa-plus\"><\/i><\/span>\n\t\t\t\t\t\t\t\t\t\t\t\t\t\t<\/span>\n\t\t\t\t\t\t\t\t\t\t\t\t<a class=\"elementor-accordion-title\" tabindex=\"0\">O\u00f9 s\u00e9journer \u00e0 Tours pendant les concerts et spectacles 2026 ?<\/a>\n\t\t\t\t\t<\/div>\n\t\t\t\t\t<div id=\"elementor-tab-content-20445\" class=\"elementor-tab-content elementor-clearfix\" data-tab=\"45\" role=\"region\" aria-labelledby=\"elementor-tab-title-20445\"><p>Tours accueille chaque ann\u00e9e de nombreux concerts et spectacles au Palais des Congr\u00e8s Vinci, au Parc Expo et dans diff\u00e9rentes salles du centre-ville. Le LABE H\u00f4tel permet de s\u00e9journer \u00e0 proximit\u00e9 de ces lieux tout en profitant d\u2019un acc\u00e8s rapide \u00e0 pied ou en transport.<\/p><\/div>\n\t\t\t\t<\/div>\n\t\t\t\t\t\t\t<div class=\"elementor-accordion-item\">\n\t\t\t\t\t<div id=\"elementor-tab-title-20446\" class=\"elementor-tab-title\" data-tab=\"46\" role=\"button\" aria-controls=\"elementor-tab-content-20446\" aria-expanded=\"false\">\n\t\t\t\t\t\t\t\t\t\t\t\t\t<span class=\"elementor-accordion-icon elementor-accordion-icon-right\" aria-hidden=\"true\">\n\t\t\t\t\t\t\t\t\t\t\t\t\t\t\t<span class=\"elementor-accordion-icon-closed\"><i class=\"fas fa-plus\"><\/i><\/span>\n\t\t\t\t\t\t\t\t<span class=\"elementor-accordion-icon-opened\"><i class=\"fas fa-plus\"><\/i><\/span>\n\t\t\t\t\t\t\t\t\t\t\t\t\t\t<\/span>\n\t\t\t\t\t\t\t\t\t\t\t\t<a class=\"elementor-accordion-title\" tabindex=\"0\">Pourquoi r\u00e9server un h\u00f4tel pr\u00e8s de la gare de Tours pour un \u00e9v\u00e9nement ?<\/a>\n\t\t\t\t\t<\/div>\n\t\t\t\t\t<div id=\"elementor-tab-content-20446\" class=\"elementor-tab-content elementor-clearfix\" data-tab=\"46\" role=\"region\" aria-labelledby=\"elementor-tab-title-20446\"><p>Choisir un h\u00f4tel proche de la gare de Tours permet de faciliter les arriv\u00e9es tardives, les d\u00e9placements professionnels et l\u2019acc\u00e8s aux lieux d\u2019\u00e9v\u00e9nements. Le LABE H\u00f4tel b\u00e9n\u00e9ficie de cet avantage strat\u00e9gique pour les \u00e9v\u00e9nements 2026.<\/p><\/div>\n\t\t\t\t<\/div>\n\t\t\t\t\t\t\t<div class=\"elementor-accordion-item\">\n\t\t\t\t\t<div id=\"elementor-tab-title-20447\" class=\"elementor-tab-title\" data-tab=\"47\" role=\"button\" aria-controls=\"elementor-tab-content-20447\" aria-expanded=\"false\">\n\t\t\t\t\t\t\t\t\t\t\t\t\t<span class=\"elementor-accordion-icon elementor-accordion-icon-right\" aria-hidden=\"true\">\n\t\t\t\t\t\t\t\t\t\t\t\t\t\t\t<span class=\"elementor-accordion-icon-closed\"><i class=\"fas fa-plus\"><\/i><\/span>\n\t\t\t\t\t\t\t\t<span class=\"elementor-accordion-icon-opened\"><i class=\"fas fa-plus\"><\/i><\/span>\n\t\t\t\t\t\t\t\t\t\t\t\t\t\t<\/span>\n\t\t\t\t\t\t\t\t\t\t\t\t<a class=\"elementor-accordion-title\" tabindex=\"0\">Pourquoi le LABE H\u00f4tel est un bon choix pour un s\u00e9jour \u00e9v\u00e9nementiel \u00e0 Tours ?<\/a>\n\t\t\t\t\t<\/div>\n\t\t\t\t\t<div id=\"elementor-tab-content-20447\" class=\"elementor-tab-content elementor-clearfix\" data-tab=\"47\" role=\"region\" aria-labelledby=\"elementor-tab-title-20447\"><p>Le LABE H\u00f4tel combine emplacement central \u00e0 Tours, proximit\u00e9 de la gare, acc\u00e8s rapide au Parc Expo et au Palais des Congr\u00e8s, et confort moderne. Il r\u00e9pond aux attentes des visiteurs venus \u00e0 Tours sp\u00e9cifiquement pour un \u00e9v\u00e9nement en 2026.<\/p><\/div>\n\t\t\t\t<\/div>\n\t\t\t\t\t\t\t<div class=\"elementor-accordion-item\">\n\t\t\t\t\t<div id=\"elementor-tab-title-20448\" class=\"elementor-tab-title\" data-tab=\"48\" role=\"button\" aria-controls=\"elementor-tab-content-20448\" aria-expanded=\"false\">\n\t\t\t\t\t\t\t\t\t\t\t\t\t<span class=\"elementor-accordion-icon elementor-accordion-icon-right\" aria-hidden=\"true\">\n\t\t\t\t\t\t\t\t\t\t\t\t\t\t\t<span class=\"elementor-accordion-icon-closed\"><i class=\"fas fa-plus\"><\/i><\/span>\n\t\t\t\t\t\t\t\t<span class=\"elementor-accordion-icon-opened\"><i class=\"fas fa-plus\"><\/i><\/span>\n\t\t\t\t\t\t\t\t\t\t\t\t\t\t<\/span>\n\t\t\t\t\t\t\t\t\t\t\t\t<a class=\"elementor-accordion-title\" tabindex=\"0\">LABE H\u00f4tel est-il \u00e9quip\u00e9 pour accueillir les familles ? <\/a>\n\t\t\t\t\t<\/div>\n\t\t\t\t\t<div id=\"elementor-tab-content-20448\" class=\"elementor-tab-content elementor-clearfix\" data-tab=\"48\" role=\"region\" aria-labelledby=\"elementor-tab-title-20448\"><p>Oui\u00a0! Nous disposons de chambres pouvant accueillir jusqu\u2019\u00e0 2 adultes et 2 enfants, la Chambre Family et les Suites Family. Vous pouvez \u00e9galement ajouter dans certaines chambres un lit suppl\u00e9mentaire ou un lit b\u00e9b\u00e9 sur demande.<\/p><\/div>\n\t\t\t\t<\/div>\n\t\t\t\t\t\t\t\t\t\t<script type=\"application\/ld+json\">{\"@context\":\"https:\\\/\\\/schema.org\",\"@type\":\"FAQPage\",\"mainEntity\":[{\"@type\":\"Question\",\"name\":\"O\\u00f9 se trouve LABE H\\u00f4tel ?\",\"acceptedAnswer\":{\"@type\":\"Answer\",\"text\":\"<p>Au 12 place du G\\u00e9n\\u00e9ral Leclerc \\u00e0 Tours. Sortez de la gare et nous sommes sur votre droite ! Difficile de nous manquer ! L&rsquo;h\\u00f4tel Labe est l&rsquo;h\\u00f4tel le plus proche de la gare de Tours.<\\\/p>\"}},{\"@type\":\"Question\",\"name\":\"Comment garer sa voiture au LABE H\\u00f4tel ?\",\"acceptedAnswer\":{\"@type\":\"Answer\",\"text\":\"<p>Nous n\\u2019avons pas de parking priv\\u00e9 mais un parking public s\\u00e9curis\\u00e9 souterrain en face de l\\u2019H\\u00f4tel \\u00ab Le Parking Vinci Gare \\u00bb. Le forfait pour 24h est propos\\u00e9 \\u00e0 13\\u20ac.<\\\/p>\"}},{\"@type\":\"Question\",\"name\":\"Y a-t-il un local \\u00e0 v\\u00e9los au LABE H\\u00f4tel ?\",\"acceptedAnswer\":{\"@type\":\"Answer\",\"text\":\"<p>Oui, toutefois assurez-vous de nous en informer au pr\\u00e9alable, la demande est importante. Nous prendrons soin de vos v\\u00e9los et vous aideront \\u00e0 organiser au mieux votre trajet.<\\\/p>\"}},{\"@type\":\"Question\",\"name\":\"Comment sont les chambres du LABE H\\u00f4tel ?\",\"acceptedAnswer\":{\"@type\":\"Answer\",\"text\":\"<p>Nos 41 chambres sont r\\u00e9parties en 6 tailles : Shoebox, Small, Medium, Large, Family (Suite View,\\u00a0 Pink Suite &amp; Family Suite) &amp; nos Suites (Extra Large, The View &amp; Pink Suites). Consultez la page des chambres pour voir les photos et obtenir plus d&rsquo;informations.<\\\/p>\"}},{\"@type\":\"Question\",\"name\":\"Y a-t-il un s\\u00e8che-cheveux dans la chambre au LABE H\\u00f4tel ?\",\"acceptedAnswer\":{\"@type\":\"Answer\",\"text\":\"<p>Oui\\u00a0! Toutes nos chambres disposent d\\u2019un s\\u00e8che-cheveux pour faciliter la vie.<\\\/p>\"}},{\"@type\":\"Question\",\"name\":\"LABE H\\u00f4tel est-il adapt\\u00e9 \\u00e0 l\\u2019accueil des b\\u00e9b\\u00e9s ?\",\"acceptedAnswer\":{\"@type\":\"Answer\",\"text\":\"<p>Oui, les b\\u00e9b\\u00e9s sont les bienvenus\\u00a0! Nous sommes en mesure de vous fournir un lit b\\u00e9b\\u00e9 sur demande et selon nos disponibilit\\u00e9s.<\\\/p>\"}},{\"@type\":\"Question\",\"name\":\"Y a-t-il des chambres o\\u00f9 il est possible de mettre un lit suppl\\u00e9mentaire au LABE H\\u00f4tel ?\",\"acceptedAnswer\":{\"@type\":\"Answer\",\"text\":\"<p>Oui, dans certaines chambres LARGE et les Suites PINK &amp; VIEW. Sur r\\u00e9servation au pr\\u00e9alable selon nos disponibilit\\u00e9s, moyennant un suppl\\u00e9ment de 20 Euros\\\/par nuit.<\\\/p>\"}},{\"@type\":\"Question\",\"name\":\"LABE H\\u00f4tel est-il \\u00e9quip\\u00e9 pour accueillir les personnes \\u00e0 mobilit\\u00e9 r\\u00e9duite ?\",\"acceptedAnswer\":{\"@type\":\"Answer\",\"text\":\"<p>Notre \\u00e9tablissement est accessible aux personnes \\u00e0 mobilit\\u00e9 r\\u00e9duite. Nous poss\\u00e9dons 2 chambres, avec salle de bain adapt\\u00e9es. Celles-ci \\u00e9tant sujet \\u00e0 disponibilit\\u00e9, merci de nous pr\\u00e9venir au pr\\u00e9alable afin de la garantir.<\\\/p>\"}},{\"@type\":\"Question\",\"name\":\"A quelle heure se fait l'enregistrement au LABE Hotel ?\",\"acceptedAnswer\":{\"@type\":\"Answer\",\"text\":\"<p>Le check-in est possible \\u00e0 partir de 15h. Si vous arrivez avant cette heure ci et si la chambre n\\u2019est pas pr\\u00eate, possibilit\\u00e9 de garder vos affaires dans notre bagagerie s\\u00e9curis\\u00e9e.<\\\/p>\"}},{\"@type\":\"Question\",\"name\":\"A quelle heure se fait le d\\u00e9part au LABE Hotel ?\",\"acceptedAnswer\":{\"@type\":\"Answer\",\"text\":\"<p>Le check-out est possible jusqu\\u2019\\u00e0 11h. Vous pouvez \\u00e9galement demander \\u00e0 la r\\u00e9ception sous r\\u00e9serve de disponibilit\\u00e9 un d\\u00e9part tardif jusqu\\u2019\\u00e0 16h avec suppl\\u00e9ment.<\\\/p>\"}},{\"@type\":\"Question\",\"name\":\"La r\\u00e9ception est-elle ouverte 24h\\\/24 au LABE H\\u00f4tel ?\",\"acceptedAnswer\":{\"@type\":\"Answer\",\"text\":\"<p>La r\\u00e9ception est ouverte 24h sur 24 et 7 jours sur 7.<\\\/p>\"}},{\"@type\":\"Question\",\"name\":\"Y a-t-il un WIFI gratuit au LABE H\\u00f4tel ?\",\"acceptedAnswer\":{\"@type\":\"Answer\",\"text\":\"<p>La WIFI est disponible dans tout l\\u2019\\u00e9tablissement gratuitement avec un r\\u00e9seau s\\u00e9curis\\u00e9.<\\\/p>\"}},{\"@type\":\"Question\",\"name\":\"Est-il possible de d\\u00e9poser ses bagages avant l\\u2019enregistrement au LABE H\\u00f4tel ?\",\"acceptedAnswer\":{\"@type\":\"Answer\",\"text\":\"<p>Avant votre arriv\\u00e9e ou apr\\u00e8s avoir lib\\u00e9r\\u00e9 la chambre, nous pouvons garder vos biens gratuitement dans notre bagagerie s\\u00e9curis\\u00e9e.<\\\/p>\"}},{\"@type\":\"Question\",\"name\":\"Le LABE H\\u00f4tel est-il situ\\u00e9 dans le centre de Tours ?\",\"acceptedAnswer\":{\"@type\":\"Answer\",\"text\":\"<p>Oui. Le LABE H\\u00f4tel est situ\\u00e9 \\u00e0 Tours, \\u00e0 proximit\\u00e9 imm\\u00e9diate de la gare SNCF et du centre-ville. Il permet de rejoindre facilement le Vieux Tours, les bords de Loire, le centre de congr\\u00e8s Vinci et les principaux quartiers d\\u2019affaires et culturels.<\\\/p>\"}},{\"@type\":\"Question\",\"name\":\"Le LABE H\\u00f4tel est-il adapt\\u00e9 aux voyages professionnels ?\",\"acceptedAnswer\":{\"@type\":\"Answer\",\"text\":\"<p>Oui. Le LABE H\\u00f4tel est particuli\\u00e8rement adapt\\u00e9 aux d\\u00e9placements professionnels gr\\u00e2ce \\u00e0 son emplacement central, son acc\\u00e8s rapide \\u00e0 la gare, le wifi haut d\\u00e9bit gratuit et ses espaces calmes et confortables pour travailler.<\\\/p>\"}},{\"@type\":\"Question\",\"name\":\"Peut-on annuler ou modifier une r\\u00e9servation ?\",\"acceptedAnswer\":{\"@type\":\"Answer\",\"text\":\"<p>Les conditions d\\u2019annulation et de modification d\\u00e9pendent du tarif r\\u00e9serv\\u00e9. Elles sont pr\\u00e9cis\\u00e9es au moment de la r\\u00e9servation et dans l\\u2019email de confirmation.<\\\/p>\"}},{\"@type\":\"Question\",\"name\":\"Est-il possible de r\\u00e9server directement sur le site officiel ?\",\"acceptedAnswer\":{\"@type\":\"Answer\",\"text\":\"<p>Oui. La r\\u00e9servation directe sur le site officiel du LABE H\\u00f4tel permet de b\\u00e9n\\u00e9ficier des meilleurs tarifs disponibles et d\\u2019un contact direct avec l\\u2019\\u00e9quipe de l\\u2019h\\u00f4tel.<\\\/p>\"}},{\"@type\":\"Question\",\"name\":\"Pourquoi r\\u00e9server en direct plut\\u00f4t que via une plateforme ?\",\"acceptedAnswer\":{\"@type\":\"Answer\",\"text\":\"<p>La r\\u00e9servation en direct garantit le meilleur prix, une plus grande flexibilit\\u00e9, et une relation directe avec l\\u2019h\\u00f4tel en cas de besoin sp\\u00e9cifique.<\\\/p>\"}},{\"@type\":\"Question\",\"name\":\"Le LABE H\\u00f4tel est-il proche des ch\\u00e2teaux de la Loire ?\",\"acceptedAnswer\":{\"@type\":\"Answer\",\"text\":\"<p>Oui. Tours est un point de d\\u00e9part id\\u00e9al pour visiter les ch\\u00e2teaux de la Loire. Depuis le LABE H\\u00f4tel, il est facile d\\u2019organiser des excursions vers les principaux sites touristiques de la r\\u00e9gion.<\\\/p>\"}},{\"@type\":\"Question\",\"name\":\"Que faire autour du LABE H\\u00f4tel \\u00e0 Tours ?\",\"acceptedAnswer\":{\"@type\":\"Answer\",\"text\":\"<p>Le LABE H\\u00f4tel permet de d\\u00e9couvrir facilement le centre historique de Tours, les restaurants du Vieux Tours, les quais de Loire, les mus\\u00e9es et les \\u00e9v\\u00e9nements culturels de la ville.<\\\/p>\"}},{\"@type\":\"Question\",\"name\":\"L\\u2019h\\u00f4tel convient-il pour un week-end \\u00e0 Tours ?\",\"acceptedAnswer\":{\"@type\":\"Answer\",\"text\":\"<p>Oui. Le LABE H\\u00f4tel est parfaitement adapt\\u00e9 aux s\\u00e9jours de loisirs, aux week-ends culturels ou gastronomiques, et aux escapades urbaines.<\\\/p>\"}},{\"@type\":\"Question\",\"name\":\"Le LABE H\\u00f4tel est-il calme malgr\\u00e9 sa situation centrale ?\",\"acceptedAnswer\":{\"@type\":\"Answer\",\"text\":\"<p>Oui. L\\u2019h\\u00f4tel a \\u00e9t\\u00e9 con\\u00e7u pour offrir un environnement calme et reposant, tout en \\u00e9tant proche des points d\\u2019int\\u00e9r\\u00eat de la ville.<\\\/p>\"}},{\"@type\":\"Question\",\"name\":\"Proposez-vous des tarifs entreprises ou groupes ?\",\"acceptedAnswer\":{\"@type\":\"Answer\",\"text\":\"<p>Oui. Des tarifs sp\\u00e9cifiques peuvent \\u00eatre propos\\u00e9s pour les entreprises, les groupes ou les s\\u00e9jours longue dur\\u00e9e, sur demande.<\\\/p>\"}},{\"@type\":\"Question\",\"name\":\"L\\u2019h\\u00f4tel est-il engag\\u00e9 dans une d\\u00e9marche responsable ?\",\"acceptedAnswer\":{\"@type\":\"Answer\",\"text\":\"<p>Le LABE H\\u00f4tel s\\u2019inscrit dans une approche responsable et urbaine, attentive au confort des clients et \\u00e0 l\\u2019impact de ses pratiques.<\\\/p>\"}},{\"@type\":\"Question\",\"name\":\"\\u00ab O\\u00f9 dormir \\u00e0 Tours pendant les festivals en 2026 ? \\u00bb\",\"acceptedAnswer\":{\"@type\":\"Answer\",\"text\":\"<p>Le LABE H\\u00f4tel est une adresse id\\u00e9ale pour s\\u00e9journer \\u00e0 Tours lors des grands festivals et \\u00e9v\\u00e9nements culturels en 2026. Sa proximit\\u00e9 avec la gare et le centre-ville permet de rejoindre rapidement les lieux de concerts, spectacles et manifestations culturelles.<\\\/p>\"}},{\"@type\":\"Question\",\"name\":\"\\u00ab Le LABE H\\u00f4tel est-il adapt\\u00e9 pour les \\u00e9v\\u00e9nements culturels de Tours ? \\u00bb\",\"acceptedAnswer\":{\"@type\":\"Answer\",\"text\":\"<p>Oui. Gr\\u00e2ce \\u00e0 son emplacement central, le LABE H\\u00f4tel permet d\\u2019assister facilement aux festivals, expositions et concerts organis\\u00e9s \\u00e0 Tours tout au long de l\\u2019ann\\u00e9e 2026, tout en profitant d\\u2019un environnement calme pour se reposer.<\\\/p>\"}},{\"@type\":\"Question\",\"name\":\"\\u00ab Puis-je s\\u00e9journer au LABE H\\u00f4tel pendant les grands week-ends culturels \\u00e0 Tours ? \\u00bb\",\"acceptedAnswer\":{\"@type\":\"Answer\",\"text\":\"<p>Oui. Le LABE H\\u00f4tel est particuli\\u00e8rement adapt\\u00e9 aux courts s\\u00e9jours et week-ends \\u00e9v\\u00e9nementiels \\u00e0 Tours. Il est conseill\\u00e9 de r\\u00e9server en avance lors des p\\u00e9riodes de forte affluence.<\\\/p>\"}},{\"@type\":\"Question\",\"name\":\"\\u00ab Quel h\\u00f4tel choisir \\u00e0 Tours pendant les salons professionnels en 2026 ? \\u00bb\",\"acceptedAnswer\":{\"@type\":\"Answer\",\"text\":\"<p>Le LABE H\\u00f4tel est un choix strat\\u00e9gique pour les salons, congr\\u00e8s et \\u00e9v\\u00e9nements professionnels organis\\u00e9s \\u00e0 Tours en 2026. Sa situation proche de la gare et du centre de congr\\u00e8s Vinci facilite les d\\u00e9placements professionnels.<\\\/p>\"}},{\"@type\":\"Question\",\"name\":\"\\u00ab Le LABE H\\u00f4tel est-il adapt\\u00e9 aux d\\u00e9placements professionnels pendant les congr\\u00e8s ? \\u00bb\",\"acceptedAnswer\":{\"@type\":\"Answer\",\"text\":\"<p>Oui. Wifi haut d\\u00e9bit, chambres confortables, emplacement central : le LABE H\\u00f4tel r\\u00e9pond aux attentes des voyageurs d\\u2019affaires pendant les grands \\u00e9v\\u00e9nements professionnels de Tours.<\\\/p>\"}},{\"@type\":\"Question\",\"name\":\"\\u00ab Peut-on s\\u00e9journer au LABE H\\u00f4tel lors des congr\\u00e8s au Palais des Congr\\u00e8s de Tours ? \\u00bb\",\"acceptedAnswer\":{\"@type\":\"Answer\",\"text\":\"<p>Oui. Le LABE H\\u00f4tel permet de rejoindre rapidement le Palais des Congr\\u00e8s Vinci, \\u00e0 pied ou en transport, ce qui en fait une solution pratique lors des congr\\u00e8s et salons 2026.<\\\/p>\"}},{\"@type\":\"Question\",\"name\":\"\\u00ab O\\u00f9 dormir \\u00e0 Tours pendant les \\u00e9v\\u00e9nements sportifs en 2026 ? \\u00bb\",\"acceptedAnswer\":{\"@type\":\"Answer\",\"text\":\"<p>Le LABE H\\u00f4tel accueille r\\u00e9guli\\u00e8rement des visiteurs venant assister \\u00e0 des comp\\u00e9titions sportives, \\u00e9v\\u00e9nements amateurs ou professionnels organis\\u00e9s \\u00e0 Tours et dans sa r\\u00e9gion en 2026.<\\\/p>\"}},{\"@type\":\"Question\",\"name\":\"\\u00ab Le LABE H\\u00f4tel accueille-t-il les \\u00e9quipes ou supporters ? \\u00bb\",\"acceptedAnswer\":{\"@type\":\"Answer\",\"text\":\"<p>Oui. Le LABE H\\u00f4tel peut convenir aussi bien aux sportifs qu\\u2019aux supporters recherchant un h\\u00f4tel central, confortable et facile d\\u2019acc\\u00e8s \\u00e0 Tours.<\\\/p>\"}},{\"@type\":\"Question\",\"name\":\"\\u00ab O\\u00f9 dormir \\u00e0 Tours pendant les march\\u00e9s de No\\u00ebl ? \\u00bb\",\"acceptedAnswer\":{\"@type\":\"Answer\",\"text\":\"<p>Le LABE H\\u00f4tel est une adresse id\\u00e9ale pour s\\u00e9journer \\u00e0 Tours pendant la p\\u00e9riode des f\\u00eates et des march\\u00e9s de No\\u00ebl. Il permet de profiter pleinement de l\\u2019ambiance du centre-ville.<\\\/p>\"}},{\"@type\":\"Question\",\"name\":\"\\u00ab Quel h\\u00f4tel choisir \\u00e0 Tours pendant l\\u2019\\u00e9t\\u00e9 2026 ? \\u00bb\",\"acceptedAnswer\":{\"@type\":\"Answer\",\"text\":\"<p>Le LABE H\\u00f4tel est parfaitement adapt\\u00e9 aux s\\u00e9jours estivaux \\u00e0 Tours : visites culturelles, balades sur les bords de Loire et \\u00e9v\\u00e9nements d\\u2019\\u00e9t\\u00e9 sont accessibles facilement depuis l\\u2019h\\u00f4tel. De plus, profitez de notre syst\\u00e8me de climatisation tout l&rsquo;\\u00e9t\\u00e9.<\\\/p>\"}},{\"@type\":\"Question\",\"name\":\"\\u00ab Le LABE H\\u00f4tel est-il adapt\\u00e9 aux week-ends prolong\\u00e9s et jours f\\u00e9ri\\u00e9s ? \\u00bb\",\"acceptedAnswer\":{\"@type\":\"Answer\",\"text\":\"<p>Oui. Gr\\u00e2ce \\u00e0 sa localisation centrale, le LABE H\\u00f4tel est un excellent point de d\\u00e9part pour profiter des longs week-ends et \\u00e9v\\u00e9nements ponctuels \\u00e0 Tours en 2026.<\\\/p>\"}},{\"@type\":\"Question\",\"name\":\"Quels sont les \\u00e9v\\u00e9nements majeurs pr\\u00e9vus \\u00e0 Tours en 2026 ?\",\"acceptedAnswer\":{\"@type\":\"Answer\",\"text\":\"<p>En 2026, Tours accueillera une s\\u00e9rie d\\u2019\\u00e9v\\u00e9nements culturels et festifs comme le <em data-start=\\\"589\\\" data-end=\\\"611\\\">Japan Tours Festival<\\\/em> du 3 au 5 juillet 2026 au Parc Expo de Tours, le <em data-start=\\\"661\\\" data-end=\\\"684\\\">Korean Tours Festival<\\\/em> du 27 f\\u00e9vrier au 1er mars 2026, la <em data-start=\\\"720\\\" data-end=\\\"736\\\">Foire de Tours<\\\/em> du 1er au 10 mai 2026, ainsi que de nombreux concerts, spectacles et manifestations musicales tout au long de l\\u2019ann\\u00e9e.<\\\/p>\"}},{\"@type\":\"Question\",\"name\":\"Quand aura lieu le Japan Tours Festival \\u00e0 Tours en 2026 ?\",\"acceptedAnswer\":{\"@type\":\"Answer\",\"text\":\"<p>Le <em data-start=\\\"1238\\\" data-end=\\\"1261\\\">Korean Tours Festival<\\\/em> c\\u00e9l\\u00e8bre la culture cor\\u00e9enne (K-pop, cosplay, gastronomie, jeux vid\\u00e9o, animations) \\u00e0 Tours du <strong data-start=\\\"1355\\\" data-end=\\\"1386\\\">27 f\\u00e9vrier au 1er mars 2026<\\\/strong>, avec plusieurs jours d\\u2019expositions et d\\u2019activit\\u00e9s pour les visiteurs.<\\\/p>\"}},{\"@type\":\"Question\",\"name\":\"Qu\\u2019est-ce que la Foire de Tours 2026 et quand se d\\u00e9roule-t-elle ?\",\"acceptedAnswer\":{\"@type\":\"Answer\",\"text\":\"<p>La <em data-start=\\\"1572\\\" data-end=\\\"1588\\\">Foire de Tours<\\\/em>, l\\u2019un des \\u00e9v\\u00e9nements \\u00e9conomiques et festifs les plus attendus de la r\\u00e9gion Centre-Val de Loire, se tiendra du <strong data-start=\\\"1699\\\" data-end=\\\"1721\\\">1er au 10 mai 2026<\\\/strong> au Parc Expo de Tours, avec animations, exposants, concerts et univers th\\u00e9matiques.<\\\/p>\"}},{\"@type\":\"Question\",\"name\":\"Le LABE H\\u00f4tel est-il un bon choix pour s\\u00e9journer pendant ces \\u00e9v\\u00e9nements ?\",\"acceptedAnswer\":{\"@type\":\"Answer\",\"text\":\"<p>Oui. Gr\\u00e2ce \\u00e0 sa situation centrale \\u00e0 Tours et sa proximit\\u00e9 avec des lieux d\\u2019\\u00e9v\\u00e9nements comme le Parc Expo de Tours, le Palais des Congr\\u00e8s, et de nombreux espaces culturels, le LABE H\\u00f4tel est id\\u00e9al pour assister aux festivals, concerts et foires de 2026 tout en b\\u00e9n\\u00e9ficiant d\\u2019un acc\\u00e8s simple aux transports et aux commodit\\u00e9s.<\\\/p>\"}},{\"@type\":\"Question\",\"name\":\"Comment r\\u00e9server une chambre pour un \\u00e9v\\u00e9nement \\u00e0 Tours en 2026 ?\",\"acceptedAnswer\":{\"@type\":\"Answer\",\"text\":\"<p>Il est recommand\\u00e9 de r\\u00e9server le plus t\\u00f4t possible sur le site officiel du LABE H\\u00f4tel ou via les plateformes de r\\u00e9servation, en particulier pour les p\\u00e9riodes d\\u2019\\u00e9v\\u00e9nements comme le Japan Tours Festival, le Korean Tours Festival ou la Foire de Tours, qui attirent un grand nombre de visiteurs.<\\\/p>\"}},{\"@type\":\"Question\",\"name\":\"Quels types d\\u2019\\u00e9v\\u00e9nements sportifs ou autres manifestations ont lieu \\u00e0 Tours en 2026 ?\",\"acceptedAnswer\":{\"@type\":\"Answer\",\"text\":\"<p>En plus des festivals et concerts, Tours propose des \\u00e9v\\u00e9nements sportifs et manifestations locales, comme des courses r\\u00e9gionales, courses \\u00e0 pied, \\u00e9v\\u00e9nements sportifs communautaires et autres animations tout au long de l\\u2019ann\\u00e9e, attirant des visiteurs locaux et nationaux.<\\\/p>\"}},{\"@type\":\"Question\",\"name\":\"Le LABE H\\u00f4tel est-il proche du Parc Expo de Tours ?\",\"acceptedAnswer\":{\"@type\":\"Answer\",\"text\":\"<p>Oui. Le LABE H\\u00f4tel est situ\\u00e9 \\u00e0 Tours avec un acc\\u00e8s rapide au Parc Expo de Tours via les transports en commun ou la voiture. C\\u2019est un point fort pour tous les \\u00e9v\\u00e9nements majeurs organis\\u00e9s sur ce site en 2026.<\\\/p>\"}},{\"@type\":\"Question\",\"name\":\"O\\u00f9 loger \\u00e0 Tours lors d\\u2019un congr\\u00e8s au Palais des Congr\\u00e8s Vinci ?\",\"acceptedAnswer\":{\"@type\":\"Answer\",\"text\":\"<p>Le LABE H\\u00f4tel est particuli\\u00e8rement bien situ\\u00e9 pour les congr\\u00e8s, salons et \\u00e9v\\u00e9nements professionnels organis\\u00e9s au Palais des Congr\\u00e8s Vinci \\u00e0 Tours. Sa proximit\\u00e9 avec la gare et le centre-ville en fait un h\\u00f4tel adapt\\u00e9 aux d\\u00e9placements professionnels en 2026.<\\\/p>\"}},{\"@type\":\"Question\",\"name\":\"Quel h\\u00f4tel \\u00e0 Tours pour les salons professionnels et \\u00e9v\\u00e9nements business 2026 ?\",\"acceptedAnswer\":{\"@type\":\"Answer\",\"text\":\"<p>Pour les salons professionnels, conventions et \\u00e9v\\u00e9nements d\\u2019entreprise organis\\u00e9s \\u00e0 Tours en 2026, le LABE H\\u00f4tel propose un cadre fonctionnel avec wifi haut d\\u00e9bit, chambres calmes et acc\\u00e8s rapide aux principaux p\\u00f4les d\\u2019affaires de la ville.<\\\/p>\"}},{\"@type\":\"Question\",\"name\":\"O\\u00f9 s\\u00e9journer \\u00e0 Tours pendant les concerts et spectacles 2026 ?\",\"acceptedAnswer\":{\"@type\":\"Answer\",\"text\":\"<p>Tours accueille chaque ann\\u00e9e de nombreux concerts et spectacles au Palais des Congr\\u00e8s Vinci, au Parc Expo et dans diff\\u00e9rentes salles du centre-ville. Le LABE H\\u00f4tel permet de s\\u00e9journer \\u00e0 proximit\\u00e9 de ces lieux tout en profitant d\\u2019un acc\\u00e8s rapide \\u00e0 pied ou en transport.<\\\/p>\"}},{\"@type\":\"Question\",\"name\":\"Pourquoi r\\u00e9server un h\\u00f4tel pr\\u00e8s de la gare de Tours pour un \\u00e9v\\u00e9nement ?\",\"acceptedAnswer\":{\"@type\":\"Answer\",\"text\":\"<p>Choisir un h\\u00f4tel proche de la gare de Tours permet de faciliter les arriv\\u00e9es tardives, les d\\u00e9placements professionnels et l\\u2019acc\\u00e8s aux lieux d\\u2019\\u00e9v\\u00e9nements. Le LABE H\\u00f4tel b\\u00e9n\\u00e9ficie de cet avantage strat\\u00e9gique pour les \\u00e9v\\u00e9nements 2026.<\\\/p>\"}},{\"@type\":\"Question\",\"name\":\"Pourquoi le LABE H\\u00f4tel est un bon choix pour un s\\u00e9jour \\u00e9v\\u00e9nementiel \\u00e0 Tours ?\",\"acceptedAnswer\":{\"@type\":\"Answer\",\"text\":\"<p>Le LABE H\\u00f4tel combine emplacement central \\u00e0 Tours, proximit\\u00e9 de la gare, acc\\u00e8s rapide au Parc Expo et au Palais des Congr\\u00e8s, et confort moderne. Il r\\u00e9pond aux attentes des visiteurs venus \\u00e0 Tours sp\\u00e9cifiquement pour un \\u00e9v\\u00e9nement en 2026.<\\\/p>\"}},{\"@type\":\"Question\",\"name\":\"LABE H\\u00f4tel est-il \\u00e9quip\\u00e9 pour accueillir les familles ?\",\"acceptedAnswer\":{\"@type\":\"Answer\",\"text\":\"<p>Oui\\u00a0! Nous disposons de chambres pouvant accueillir jusqu\\u2019\\u00e0 2 adultes et 2 enfants, la Chambre Family et les Suites Family. Vous pouvez \\u00e9galement ajouter dans certaines chambres un lit suppl\\u00e9mentaire ou un lit b\\u00e9b\\u00e9 sur demande.<\\\/p>\"}}]}<\/script>\n\t\t\t\t\t<\/div>\n\t\t\t\t\t\t<\/div>\n\t\t\t\t<\/div>\n\t\t\t\t\t<\/div>\n\t\t\t\t<\/div>\n\t\t\t\t<\/div>\n\t\t","protected":false},"excerpt":{"rendered":"<p>Foire aux questions je d\u00e9couvre Vous avez une question? Nous comprenons que vous puissiez avoir des questions ou des pr\u00e9occupations lors de la planification de votre s\u00e9jour. C&rsquo;est pourquoi nous avons rassembl\u00e9 ici les r\u00e9ponses aux questions les plus fr\u00e9quemment pos\u00e9es par nos clients. Vous pouvez \u00e9galement nous joindre par t\u00e9l\u00e9phone au\u00a0+33 (0)2 47 05 [&hellip;]<\/p>\n","protected":false},"author":4,"featured_media":0,"parent":0,"menu_order":0,"comment_status":"closed","ping_status":"closed","template":"","meta":{"inline_featured_image":false,"footnotes":""},"class_list":["post-728","page","type-page","status-publish","hentry"],"_links":{"self":[{"href":"https:\/\/www.labe-hotel.com\/en\/wp-json\/wp\/v2\/pages\/728","targetHints":{"allow":["GET"]}}],"collection":[{"href":"https:\/\/www.labe-hotel.com\/en\/wp-json\/wp\/v2\/pages"}],"about":[{"href":"https:\/\/www.labe-hotel.com\/en\/wp-json\/wp\/v2\/types\/page"}],"author":[{"embeddable":true,"href":"https:\/\/www.labe-hotel.com\/en\/wp-json\/wp\/v2\/users\/4"}],"replies":[{"embeddable":true,"href":"https:\/\/www.labe-hotel.com\/en\/wp-json\/wp\/v2\/comments?post=728"}],"version-history":[{"count":103,"href":"https:\/\/www.labe-hotel.com\/en\/wp-json\/wp\/v2\/pages\/728\/revisions"}],"predecessor-version":[{"id":3452,"href":"https:\/\/www.labe-hotel.com\/en\/wp-json\/wp\/v2\/pages\/728\/revisions\/3452"}],"wp:attachment":[{"href":"https:\/\/www.labe-hotel.com\/en\/wp-json\/wp\/v2\/media?parent=728"}],"curies":[{"name":"wp","href":"https:\/\/api.w.org\/{rel}","templated":true}]}}